{"id":28,"date":"2025-01-28T05:35:55","date_gmt":"2025-01-28T05:35:55","guid":{"rendered":"https:\/\/www.laninadelguardia.es\/?page_id=28"},"modified":"2025-03-16T19:50:53","modified_gmt":"2025-03-16T19:50:53","slug":"comer-en-benalmadena","status":"publish","type":"page","link":"https:\/\/www.laninadelguardia.es\/","title":{"rendered":"Inicio"},"content":{"rendered":"\t\t<div data-elementor-type=\"wp-page\" data-elementor-id=\"28\" class=\"elementor elementor-28\">\n\t\t\t\t<div class=\"elementor-element elementor-element-9fb8fad elementor-hidden-desktop elementor-hidden-tablet e-flex e-con-boxed e-con e-parent\" data-id=\"9fb8fad\" data-element_type=\"container\" data-e-type=\"container\">\n\t\t\t\t\t<div class=\"e-con-inner\">\n\t\t\t\t<div class=\"elementor-element elementor-element-2f9f42d elementor-widget elementor-widget-heading\" data-id=\"2f9f42d\" data-element_type=\"widget\" data-e-type=\"widget\" data-widget_type=\"heading.default\">\n\t\t\t\t<div class=\"elementor-widget-container\">\n\t\t\t\t\t<h1 class=\"elementor-heading-title elementor-size-default\">COMER EN BENALM\u00c1DENA<\/h1>\t\t\t\t<\/div>\n\t\t\t\t<\/div>\n\t\t\t\t<div class=\"elementor-element elementor-element-13e0dbf elementor-widget-divider--view-line elementor-widget elementor-widget-divider\" data-id=\"13e0dbf\" data-element_type=\"widget\" data-e-type=\"widget\" data-widget_type=\"divider.default\">\n\t\t\t\t<div class=\"elementor-widget-container\">\n\t\t\t\t\t\t\t<div class=\"elementor-divider\">\n\t\t\t<span class=\"elementor-divider-separator\">\n\t\t\t\t\t\t<\/span>\n\t\t<\/div>\n\t\t\t\t\t\t<\/div>\n\t\t\t\t<\/div>\n\t\t\t\t<div class=\"elementor-element elementor-element-a49d78f elementor-widget elementor-widget-text-editor\" data-id=\"a49d78f\" data-element_type=\"widget\" data-e-type=\"widget\" data-widget_type=\"text-editor.default\">\n\t\t\t\t<div class=\"elementor-widget-container\">\n\t\t\t\t\t\t\t\t\t<p>Disfruta del aut\u00e9ntico sabor a cocina casera espa\u00f1ola.<\/p>\t\t\t\t\t\t\t\t<\/div>\n\t\t\t\t<\/div>\n\t\t\t\t<div class=\"elementor-element elementor-element-45f7dbc elementor-widget elementor-widget-image\" data-id=\"45f7dbc\" data-element_type=\"widget\" data-e-type=\"widget\" data-widget_type=\"image.default\">\n\t\t\t\t<div class=\"elementor-widget-container\">\n\t\t\t\t\t\t\t\t\t\t\t\t\t\t\t<img decoding=\"async\" src=\"https:\/\/www.laninadelguardia.es\/wp-content\/uploads\/elementor\/thumbs\/Imagen-Inicio-La-Nina-del-Guardia-1220x950-1-r194gbv4x9pgg0vxwmuewufv983pi2sovzus6z92jg.jpg\" title=\"Imagen Inicio La Ni\u00f1a del Guardia 1220&#215;950\" alt=\"Imagen Inicio La Ni\u00f1a del Guardia 1220x950\" loading=\"lazy\" \/>\t\t\t\t\t\t\t\t\t\t\t\t\t\t\t<\/div>\n\t\t\t\t<\/div>\n\t\t\t\t\t<\/div>\n\t\t\t\t<\/div>\n\t\t<div class=\"elementor-element elementor-element-8e7c0b3 elementor-hidden-desktop elementor-hidden-mobile e-flex e-con-boxed e-con e-parent\" data-id=\"8e7c0b3\" data-element_type=\"container\" data-e-type=\"container\">\n\t\t\t\t\t<div class=\"e-con-inner\">\n\t\t\t\t<div class=\"elementor-element elementor-element-c513990 elementor-widget elementor-widget-heading\" data-id=\"c513990\" data-element_type=\"widget\" data-e-type=\"widget\" data-widget_type=\"heading.default\">\n\t\t\t\t<div class=\"elementor-widget-container\">\n\t\t\t\t\t<h1 class=\"elementor-heading-title elementor-size-default\">COMER EN BENALM\u00c1DENA<\/h1>\t\t\t\t<\/div>\n\t\t\t\t<\/div>\n\t\t\t\t<div class=\"elementor-element elementor-element-5c55662 elementor-widget-divider--view-line elementor-widget elementor-widget-divider\" data-id=\"5c55662\" data-element_type=\"widget\" data-e-type=\"widget\" data-widget_type=\"divider.default\">\n\t\t\t\t<div class=\"elementor-widget-container\">\n\t\t\t\t\t\t\t<div class=\"elementor-divider\">\n\t\t\t<span class=\"elementor-divider-separator\">\n\t\t\t\t\t\t<\/span>\n\t\t<\/div>\n\t\t\t\t\t\t<\/div>\n\t\t\t\t<\/div>\n\t\t\t\t<div class=\"elementor-element elementor-element-ffe68ec elementor-widget elementor-widget-text-editor\" data-id=\"ffe68ec\" data-element_type=\"widget\" data-e-type=\"widget\" data-widget_type=\"text-editor.default\">\n\t\t\t\t<div class=\"elementor-widget-container\">\n\t\t\t\t\t\t\t\t\t<p>Disfruta del aut\u00e9ntico sabor a cocina casera espa\u00f1ola.<\/p>\t\t\t\t\t\t\t\t<\/div>\n\t\t\t\t<\/div>\n\t\t\t\t<div class=\"elementor-element elementor-element-0db2c55 elementor-widget elementor-widget-image\" data-id=\"0db2c55\" data-element_type=\"widget\" data-e-type=\"widget\" data-widget_type=\"image.default\">\n\t\t\t\t<div class=\"elementor-widget-container\">\n\t\t\t\t\t\t\t\t\t\t\t\t\t\t\t<img fetchpriority=\"high\" decoding=\"async\" width=\"1024\" height=\"797\" src=\"https:\/\/www.laninadelguardia.es\/wp-content\/uploads\/2025\/02\/Imagen-Inicio-La-Nina-del-Guardia-1220x950-1-1024x797.jpg\" class=\"attachment-large size-large wp-image-771\" alt=\"\" srcset=\"https:\/\/www.laninadelguardia.es\/wp-content\/uploads\/2025\/02\/Imagen-Inicio-La-Nina-del-Guardia-1220x950-1-1024x797.jpg 1024w, https:\/\/www.laninadelguardia.es\/wp-content\/uploads\/2025\/02\/Imagen-Inicio-La-Nina-del-Guardia-1220x950-1-300x234.jpg 300w, https:\/\/www.laninadelguardia.es\/wp-content\/uploads\/2025\/02\/Imagen-Inicio-La-Nina-del-Guardia-1220x950-1-768x598.jpg 768w, https:\/\/www.laninadelguardia.es\/wp-content\/uploads\/2025\/02\/elementor\/thumbs\/Imagen-Inicio-La-Nina-del-Guardia-1220x950-1-r194gbv4x9pgg0vxwmuewufv983pi2sovzus6z92jg.jpg 400w, https:\/\/www.laninadelguardia.es\/wp-content\/uploads\/2025\/02\/Imagen-Inicio-La-Nina-del-Guardia-1220x950-1.jpg 1220w\" sizes=\"(max-width: 1024px) 100vw, 1024px\" \/>\t\t\t\t\t\t\t\t\t\t\t\t\t\t\t<\/div>\n\t\t\t\t<\/div>\n\t\t\t\t\t<\/div>\n\t\t\t\t<\/div>\n\t\t<div class=\"elementor-element elementor-element-05a51a5 elementor-hidden-tablet elementor-hidden-mobile e-flex e-con-boxed e-con e-parent\" data-id=\"05a51a5\" data-element_type=\"container\" data-e-type=\"container\" data-settings=\"{&quot;background_background&quot;:&quot;classic&quot;}\">\n\t\t\t\t\t<div class=\"e-con-inner\">\n\t\t<div class=\"elementor-element elementor-element-974e5fe e-con-full e-flex e-con e-child\" data-id=\"974e5fe\" data-element_type=\"container\" data-e-type=\"container\">\n\t\t\t\t<div class=\"elementor-element elementor-element-11a95a2 elementor-widget elementor-widget-spacer\" data-id=\"11a95a2\" data-element_type=\"widget\" data-e-type=\"widget\" data-widget_type=\"spacer.default\">\n\t\t\t\t<div class=\"elementor-widget-container\">\n\t\t\t\t\t\t\t<div class=\"elementor-spacer\">\n\t\t\t<div class=\"elementor-spacer-inner\"><\/div>\n\t\t<\/div>\n\t\t\t\t\t\t<\/div>\n\t\t\t\t<\/div>\n\t\t\t\t<div class=\"elementor-element elementor-element-a645f0f elementor-widget elementor-widget-heading\" data-id=\"a645f0f\" data-element_type=\"widget\" data-e-type=\"widget\" data-widget_type=\"heading.default\">\n\t\t\t\t<div class=\"elementor-widget-container\">\n\t\t\t\t\t<h1 class=\"elementor-heading-title elementor-size-default\">COMER EN BENALM\u00c1DENA<\/h1>\t\t\t\t<\/div>\n\t\t\t\t<\/div>\n\t\t\t\t<div class=\"elementor-element elementor-element-94a15b4 elementor-widget-divider--view-line elementor-widget elementor-widget-divider\" data-id=\"94a15b4\" data-element_type=\"widget\" data-e-type=\"widget\" data-widget_type=\"divider.default\">\n\t\t\t\t<div class=\"elementor-widget-container\">\n\t\t\t\t\t\t\t<div class=\"elementor-divider\">\n\t\t\t<span class=\"elementor-divider-separator\">\n\t\t\t\t\t\t<\/span>\n\t\t<\/div>\n\t\t\t\t\t\t<\/div>\n\t\t\t\t<\/div>\n\t\t\t\t<div class=\"elementor-element elementor-element-65a5286 elementor-widget elementor-widget-text-editor\" data-id=\"65a5286\" data-element_type=\"widget\" data-e-type=\"widget\" data-widget_type=\"text-editor.default\">\n\t\t\t\t<div class=\"elementor-widget-container\">\n\t\t\t\t\t\t\t\t\t<p>Disfruta del aut\u00e9ntico sabor a cocina casera espa\u00f1ola.<\/p>\t\t\t\t\t\t\t\t<\/div>\n\t\t\t\t<\/div>\n\t\t\t\t<\/div>\n\t\t<div class=\"elementor-element elementor-element-551f246 e-con-full e-flex e-con e-child\" data-id=\"551f246\" data-element_type=\"container\" data-e-type=\"container\">\n\t\t\t\t<div class=\"elementor-element elementor-element-8ccc676 elementor-widget elementor-widget-image\" data-id=\"8ccc676\" data-element_type=\"widget\" data-e-type=\"widget\" data-widget_type=\"image.default\">\n\t\t\t\t<div class=\"elementor-widget-container\">\n\t\t\t\t\t\t\t\t\t\t\t\t\t\t\t<img fetchpriority=\"high\" decoding=\"async\" width=\"1024\" height=\"797\" src=\"https:\/\/www.laninadelguardia.es\/wp-content\/uploads\/2025\/02\/Imagen-Inicio-La-Nina-del-Guardia-1220x950-1-1024x797.jpg\" class=\"attachment-large size-large wp-image-771\" alt=\"\" srcset=\"https:\/\/www.laninadelguardia.es\/wp-content\/uploads\/2025\/02\/Imagen-Inicio-La-Nina-del-Guardia-1220x950-1-1024x797.jpg 1024w, https:\/\/www.laninadelguardia.es\/wp-content\/uploads\/2025\/02\/Imagen-Inicio-La-Nina-del-Guardia-1220x950-1-300x234.jpg 300w, https:\/\/www.laninadelguardia.es\/wp-content\/uploads\/2025\/02\/Imagen-Inicio-La-Nina-del-Guardia-1220x950-1-768x598.jpg 768w, https:\/\/www.laninadelguardia.es\/wp-content\/uploads\/2025\/02\/elementor\/thumbs\/Imagen-Inicio-La-Nina-del-Guardia-1220x950-1-r194gbv4x9pgg0vxwmuewufv983pi2sovzus6z92jg.jpg 400w, https:\/\/www.laninadelguardia.es\/wp-content\/uploads\/2025\/02\/Imagen-Inicio-La-Nina-del-Guardia-1220x950-1.jpg 1220w\" sizes=\"(max-width: 1024px) 100vw, 1024px\" \/>\t\t\t\t\t\t\t\t\t\t\t\t\t\t\t<\/div>\n\t\t\t\t<\/div>\n\t\t\t\t<\/div>\n\t\t\t\t\t<\/div>\n\t\t\t\t<\/div>\n\t\t<div class=\"elementor-element elementor-element-9bd6bee e-con-full elementor-hidden-desktop elementor-hidden-tablet e-flex e-con e-parent\" data-id=\"9bd6bee\" data-element_type=\"container\" data-e-type=\"container\" data-settings=\"{&quot;background_background&quot;:&quot;classic&quot;}\">\n\t\t\t\t<\/div>\n\t\t<div class=\"elementor-element elementor-element-fa8651c e-con-full elementor-hidden-mobile e-flex e-con e-parent\" data-id=\"fa8651c\" data-element_type=\"container\" data-e-type=\"container\" data-settings=\"{&quot;background_background&quot;:&quot;classic&quot;}\">\n\t\t\t\t<\/div>\n\t\t<div class=\"elementor-element elementor-element-2928830 e-flex e-con-boxed e-con e-parent\" data-id=\"2928830\" data-element_type=\"container\" data-e-type=\"container\" id=\"por qu\u00e9 nosotros\" data-settings=\"{&quot;background_background&quot;:&quot;classic&quot;}\">\n\t\t\t\t\t<div class=\"e-con-inner\">\n\t\t\t\t<div class=\"elementor-element elementor-element-efa0e31 elementor-widget elementor-widget-heading\" data-id=\"efa0e31\" data-element_type=\"widget\" data-e-type=\"widget\" data-widget_type=\"heading.default\">\n\t\t\t\t<div class=\"elementor-widget-container\">\n\t\t\t\t\t<h2 class=\"elementor-heading-title elementor-size-default\">POR QU\u00c9 NOSOSTROS<\/h2>\t\t\t\t<\/div>\n\t\t\t\t<\/div>\n\t\t\t\t<div class=\"elementor-element elementor-element-0f0b73e elementor-widget elementor-widget-text-editor\" data-id=\"0f0b73e\" data-element_type=\"widget\" data-e-type=\"widget\" data-widget_type=\"text-editor.default\">\n\t\t\t\t<div class=\"elementor-widget-container\">\n\t\t\t\t\t\t\t\t\t<p>Si buscas un lugar d\u00f3nde comer en Benalm\u00e1dena, un sitio para disfrutar del aut\u00e9ntico sabor de la cocina casera espa\u00f1ola en un ambiente acogedor y familiar, nosotros lo podemos ser.<\/p><p>Trabajamos y nos esforzamos d\u00eda tras d\u00eda para tener y ofrecer un trato, un plato, una sonrisa&#8230; todo aquello por lo que al finalizar el d\u00eda sentirnos satisfechos y orgullosos, aunque, somos humanos y en alguna que otra ocasi\u00f3n y por diferentes motivos no suceda como deseamos.<\/p><p>Nuestros platos est\u00e1n elaborados con recetas tradicionales, ingredientes frescos y el toque especial de hogar que nos caracteriza. Adem\u00e1s, ofrecemos una amplia variedad de opciones sin gluten para que todos puedan disfrutar de una experiencia culinaria \u00fanica.<\/p><p>\u00a1Si\u00e9ntete como en casa y d\u00e9jate conquistar por nuestros sabores!<\/p>\t\t\t\t\t\t\t\t<\/div>\n\t\t\t\t<\/div>\n\t\t\t\t\t<\/div>\n\t\t\t\t<\/div>\n\t\t<div class=\"elementor-element elementor-element-1316eb5 e-flex e-con-boxed e-con e-parent\" data-id=\"1316eb5\" data-element_type=\"container\" data-e-type=\"container\" data-settings=\"{&quot;background_background&quot;:&quot;classic&quot;}\">\n\t\t\t\t\t<div class=\"e-con-inner\">\n\t\t<div class=\"elementor-element elementor-element-a98f4b6 e-con-full e-flex e-con e-child\" data-id=\"a98f4b6\" data-element_type=\"container\" data-e-type=\"container\">\n\t\t\t\t<div class=\"elementor-element elementor-element-a7fd51a elementor-widget elementor-widget-image\" data-id=\"a7fd51a\" data-element_type=\"widget\" data-e-type=\"widget\" data-widget_type=\"image.default\">\n\t\t\t\t<div class=\"elementor-widget-container\">\n\t\t\t\t\t\t\t\t\t\t\t\t\t\t\t<img decoding=\"async\" width=\"104\" height=\"104\" src=\"https:\/\/www.laninadelguardia.es\/wp-content\/uploads\/2025\/02\/Icono-Horario-La-Nina-del-Guardia-CC.png\" class=\"attachment-large size-large wp-image-479\" alt=\"\" \/>\t\t\t\t\t\t\t\t\t\t\t\t\t\t\t<\/div>\n\t\t\t\t<\/div>\n\t\t\t\t<div class=\"elementor-element elementor-element-e5e2394 elementor-widget elementor-widget-heading\" data-id=\"e5e2394\" data-element_type=\"widget\" data-e-type=\"widget\" data-widget_type=\"heading.default\">\n\t\t\t\t<div class=\"elementor-widget-container\">\n\t\t\t\t\t<h4 class=\"elementor-heading-title elementor-size-default\">HORARIO<\/h4>\t\t\t\t<\/div>\n\t\t\t\t<\/div>\n\t\t\t\t<div class=\"elementor-element elementor-element-0e1f893 elementor-widget elementor-widget-text-editor\" data-id=\"0e1f893\" data-element_type=\"widget\" data-e-type=\"widget\" data-widget_type=\"text-editor.default\">\n\t\t\t\t<div class=\"elementor-widget-container\">\n\t\t\t\t\t\t\t\t\t<p>De martes a s\u00e1bado de:<br \/>8:30 a 23:30 H.<br \/>Domingo de: 8:30 a 17:00 H.<br \/>Lunes cerrado.<\/p>\t\t\t\t\t\t\t\t<\/div>\n\t\t\t\t<\/div>\n\t\t\t\t<\/div>\n\t\t<div class=\"elementor-element elementor-element-0a914f2 e-con-full e-flex e-con e-child\" data-id=\"0a914f2\" data-element_type=\"container\" data-e-type=\"container\">\n\t\t\t\t<div class=\"elementor-element elementor-element-5f441a8 elementor-widget elementor-widget-image\" data-id=\"5f441a8\" data-element_type=\"widget\" data-e-type=\"widget\" data-widget_type=\"image.default\">\n\t\t\t\t<div class=\"elementor-widget-container\">\n\t\t\t\t\t\t\t\t\t\t\t\t\t\t\t<img decoding=\"async\" width=\"189\" height=\"104\" src=\"https:\/\/www.laninadelguardia.es\/wp-content\/uploads\/2025\/02\/Icono-Carta-Sin-Gluten-La-Nina-del-Guardia-CC.png\" class=\"attachment-large size-large wp-image-505\" alt=\"\" \/>\t\t\t\t\t\t\t\t\t\t\t\t\t\t\t<\/div>\n\t\t\t\t<\/div>\n\t\t\t\t<div class=\"elementor-element elementor-element-0cb3dcb elementor-widget elementor-widget-heading\" data-id=\"0cb3dcb\" data-element_type=\"widget\" data-e-type=\"widget\" data-widget_type=\"heading.default\">\n\t\t\t\t<div class=\"elementor-widget-container\">\n\t\t\t\t\t<h4 class=\"elementor-heading-title elementor-size-default\">CARTA SIN GLUTEN<\/h4>\t\t\t\t<\/div>\n\t\t\t\t<\/div>\n\t\t\t\t<div class=\"elementor-element elementor-element-ad6351f elementor-widget elementor-widget-text-editor\" data-id=\"ad6351f\" data-element_type=\"widget\" data-e-type=\"widget\" data-widget_type=\"text-editor.default\">\n\t\t\t\t<div class=\"elementor-widget-container\">\n\t\t\t\t\t\t\t\t\t<p>Todos los platos de nuestra carta est\u00e1n libres de gluten, desde los entrantes hasta los postres.<\/p>\t\t\t\t\t\t\t\t<\/div>\n\t\t\t\t<\/div>\n\t\t\t\t<\/div>\n\t\t<div class=\"elementor-element elementor-element-fbdc4e1 e-con-full e-flex e-con e-child\" data-id=\"fbdc4e1\" data-element_type=\"container\" data-e-type=\"container\">\n\t\t\t\t<div class=\"elementor-element elementor-element-3c2a33d elementor-widget elementor-widget-image\" data-id=\"3c2a33d\" data-element_type=\"widget\" data-e-type=\"widget\" data-widget_type=\"image.default\">\n\t\t\t\t<div class=\"elementor-widget-container\">\n\t\t\t\t\t\t\t\t\t\t\t\t\t\t\t<img loading=\"lazy\" decoding=\"async\" width=\"104\" height=\"104\" src=\"https:\/\/www.laninadelguardia.es\/wp-content\/uploads\/2025\/02\/ICONOS-Platos-Veganos-La-Nina-del-Guardia.png\" class=\"attachment-large size-large wp-image-510\" alt=\"\" \/>\t\t\t\t\t\t\t\t\t\t\t\t\t\t\t<\/div>\n\t\t\t\t<\/div>\n\t\t\t\t<div class=\"elementor-element elementor-element-b060bae elementor-widget elementor-widget-heading\" data-id=\"b060bae\" data-element_type=\"widget\" data-e-type=\"widget\" data-widget_type=\"heading.default\">\n\t\t\t\t<div class=\"elementor-widget-container\">\n\t\t\t\t\t<h4 class=\"elementor-heading-title elementor-size-default\">PLATOS VEGANOS<\/h4>\t\t\t\t<\/div>\n\t\t\t\t<\/div>\n\t\t\t\t<div class=\"elementor-element elementor-element-68e9f9c elementor-widget elementor-widget-text-editor\" data-id=\"68e9f9c\" data-element_type=\"widget\" data-e-type=\"widget\" data-widget_type=\"text-editor.default\">\n\t\t\t\t<div class=\"elementor-widget-container\">\n\t\t\t\t\t\t\t\t\t<p>Otra opci\u00f3n que te ofrecemos y en la que te ayudaremos a elegir la m\u00e1s adecuada para ti.<\/p>\t\t\t\t\t\t\t\t<\/div>\n\t\t\t\t<\/div>\n\t\t\t\t<\/div>\n\t\t<div class=\"elementor-element elementor-element-9c3cec4 e-con-full e-flex e-con e-child\" data-id=\"9c3cec4\" data-element_type=\"container\" data-e-type=\"container\">\n\t\t\t\t<div class=\"elementor-element elementor-element-1a3a9d6 elementor-widget elementor-widget-image\" data-id=\"1a3a9d6\" data-element_type=\"widget\" data-e-type=\"widget\" data-widget_type=\"image.default\">\n\t\t\t\t<div class=\"elementor-widget-container\">\n\t\t\t\t\t\t\t\t\t\t\t\t\t\t\t<img loading=\"lazy\" decoding=\"async\" width=\"104\" height=\"104\" src=\"https:\/\/www.laninadelguardia.es\/wp-content\/uploads\/2025\/02\/Icono-Comer-con-Ninos-La-Nina-del-Guardia-CC.png\" class=\"attachment-large size-large wp-image-533\" alt=\"\" \/>\t\t\t\t\t\t\t\t\t\t\t\t\t\t\t<\/div>\n\t\t\t\t<\/div>\n\t\t\t\t<div class=\"elementor-element elementor-element-391d277 elementor-widget elementor-widget-heading\" data-id=\"391d277\" data-element_type=\"widget\" data-e-type=\"widget\" data-widget_type=\"heading.default\">\n\t\t\t\t<div class=\"elementor-widget-container\">\n\t\t\t\t\t<h4 class=\"elementor-heading-title elementor-size-default\">COMER CON NI\u00d1OS<\/h4>\t\t\t\t<\/div>\n\t\t\t\t<\/div>\n\t\t\t\t<div class=\"elementor-element elementor-element-c447adc elementor-widget elementor-widget-text-editor\" data-id=\"c447adc\" data-element_type=\"widget\" data-e-type=\"widget\" data-widget_type=\"text-editor.default\">\n\t\t\t\t<div class=\"elementor-widget-container\">\n\t\t\t\t\t\t\t\t\t<p>S\u00ed, somos un restaurante donde comer en Benalm\u00e1dena con ni\u00f1os peque\u00f1os, menos peque\u00f1os y grandes.<\/p>\t\t\t\t\t\t\t\t<\/div>\n\t\t\t\t<\/div>\n\t\t\t\t<\/div>\n\t\t\t\t\t<\/div>\n\t\t\t\t<\/div>\n\t\t<div class=\"elementor-element elementor-element-0b19205 e-flex e-con-boxed e-con e-parent\" data-id=\"0b19205\" data-element_type=\"container\" data-e-type=\"container\" data-settings=\"{&quot;background_background&quot;:&quot;classic&quot;}\">\n\t\t\t\t\t<div class=\"e-con-inner\">\n\t\t\t\t\t<\/div>\n\t\t\t\t<\/div>\n\t\t<div class=\"elementor-element elementor-element-1073240 e-flex e-con-boxed e-con e-parent\" data-id=\"1073240\" data-element_type=\"container\" data-e-type=\"container\" id=\"desayunos\">\n\t\t\t\t\t<div class=\"e-con-inner\">\n\t\t\t\t<div class=\"elementor-element elementor-element-e82af75 elementor-widget elementor-widget-image\" data-id=\"e82af75\" data-element_type=\"widget\" data-e-type=\"widget\" data-widget_type=\"image.default\">\n\t\t\t\t<div class=\"elementor-widget-container\">\n\t\t\t\t\t\t\t\t\t\t\t\t\t\t\t<img loading=\"lazy\" decoding=\"async\" width=\"950\" height=\"600\" src=\"https:\/\/www.laninadelguardia.es\/wp-content\/uploads\/2025\/02\/Desayunos-La-Nina-del-Guardia-950x600-1.png\" class=\"attachment-large size-large wp-image-776\" alt=\"\" srcset=\"https:\/\/www.laninadelguardia.es\/wp-content\/uploads\/2025\/02\/Desayunos-La-Nina-del-Guardia-950x600-1.png 950w, https:\/\/www.laninadelguardia.es\/wp-content\/uploads\/2025\/02\/Desayunos-La-Nina-del-Guardia-950x600-1-300x189.png 300w, https:\/\/www.laninadelguardia.es\/wp-content\/uploads\/2025\/02\/Desayunos-La-Nina-del-Guardia-950x600-1-768x485.png 768w\" sizes=\"(max-width: 950px) 100vw, 950px\" \/>\t\t\t\t\t\t\t\t\t\t\t\t\t\t\t<\/div>\n\t\t\t\t<\/div>\n\t\t\t\t<div class=\"elementor-element elementor-element-5302e8d elementor-widget elementor-widget-image\" data-id=\"5302e8d\" data-element_type=\"widget\" data-e-type=\"widget\" data-widget_type=\"image.default\">\n\t\t\t\t<div class=\"elementor-widget-container\">\n\t\t\t\t\t\t\t\t\t\t\t\t\t\t\t<img loading=\"lazy\" decoding=\"async\" width=\"104\" height=\"104\" src=\"https:\/\/www.laninadelguardia.es\/wp-content\/uploads\/2025\/01\/ICONOS-WEB-50x50-1.png\" class=\"attachment-large size-large wp-image-222\" alt=\"\" \/>\t\t\t\t\t\t\t\t\t\t\t\t\t\t\t<\/div>\n\t\t\t\t<\/div>\n\t\t\t\t<div class=\"elementor-element elementor-element-6c9be4e elementor-widget elementor-widget-heading\" data-id=\"6c9be4e\" data-element_type=\"widget\" data-e-type=\"widget\" data-widget_type=\"heading.default\">\n\t\t\t\t<div class=\"elementor-widget-container\">\n\t\t\t\t\t<h2 class=\"elementor-heading-title elementor-size-default\">DESAYUNOS<\/h2>\t\t\t\t<\/div>\n\t\t\t\t<\/div>\n\t\t\t\t<div class=\"elementor-element elementor-element-1558092 elementor-widget elementor-widget-text-editor\" data-id=\"1558092\" data-element_type=\"widget\" data-e-type=\"widget\" data-widget_type=\"text-editor.default\">\n\t\t\t\t<div class=\"elementor-widget-container\">\n\t\t\t\t\t\t\t\t\t<p>Arranca la ma\u00f1ana con <strong>un buen desayuno tradicional en Arroyo de la Miel<\/strong>.<\/p><p><strong>Desde las 8:30 H. de la ma\u00f1ana y hasta las 12:00 H.<\/strong> servimos desayunos, ya sabes, desayunos tradicionales, puedes elegir entre diferentes tipos de pan, incluido pan sin gluten y disfrutar de un buen caf\u00e9 o un chocolate a la taza para quienes deseen un dulce despertar. Ah, dispones adem\u00e1s de la leche de toda la vida, de leche sin lactosa y de soja.<\/p>\t\t\t\t\t\t\t\t<\/div>\n\t\t\t\t<\/div>\n\t\t\t\t\t<\/div>\n\t\t\t\t<\/div>\n\t\t<div class=\"elementor-element elementor-element-5d0b9b8 e-con-full e-flex e-con e-parent\" data-id=\"5d0b9b8\" data-element_type=\"container\" data-e-type=\"container\" data-settings=\"{&quot;background_background&quot;:&quot;classic&quot;}\">\n\t\t\t\t<\/div>\n\t\t<div class=\"elementor-element elementor-element-62c95f7 e-flex e-con-boxed e-con e-parent\" data-id=\"62c95f7\" data-element_type=\"container\" data-e-type=\"container\" id=\"desayunos\" data-settings=\"{&quot;background_background&quot;:&quot;classic&quot;}\">\n\t\t\t\t\t<div class=\"e-con-inner\">\n\t\t\t\t<div class=\"elementor-element elementor-element-605226a elementor-widget elementor-widget-image\" data-id=\"605226a\" data-element_type=\"widget\" data-e-type=\"widget\" data-widget_type=\"image.default\">\n\t\t\t\t<div class=\"elementor-widget-container\">\n\t\t\t\t\t\t\t\t\t\t\t\t\t\t\t<img decoding=\"async\" src=\"https:\/\/www.laninadelguardia.es\/wp-content\/uploads\/elementor\/thumbs\/Icono-Tipos-de-Pan-1-r0v7zmd8blu48waghjhssghlhe4t7sumibp6dh8s14.png\" title=\"Icono Tipos de Pan\" alt=\"Icono Tipos de Pan\" loading=\"lazy\" \/>\t\t\t\t\t\t\t\t\t\t\t\t\t\t\t<\/div>\n\t\t\t\t<\/div>\n\t\t\t\t<div class=\"elementor-element elementor-element-4d26254 elementor-widget elementor-widget-heading\" data-id=\"4d26254\" data-element_type=\"widget\" data-e-type=\"widget\" data-widget_type=\"heading.default\">\n\t\t\t\t<div class=\"elementor-widget-container\">\n\t\t\t\t\t<h3 class=\"elementor-heading-title elementor-size-default\">NUESTROS TIPOS DE PAN<\/h3>\t\t\t\t<\/div>\n\t\t\t\t<\/div>\n\t\t\t\t\t<\/div>\n\t\t\t\t<\/div>\n\t\t<div class=\"elementor-element elementor-element-affb50e e-flex e-con-boxed e-con e-parent\" data-id=\"affb50e\" data-element_type=\"container\" data-e-type=\"container\" data-settings=\"{&quot;background_background&quot;:&quot;classic&quot;}\">\n\t\t\t\t\t<div class=\"e-con-inner\">\n\t\t\t\t<div class=\"elementor-element elementor-element-ce79d45 elementor-widget elementor-widget-text-editor\" data-id=\"ce79d45\" data-element_type=\"widget\" data-e-type=\"widget\" data-widget_type=\"text-editor.default\">\n\t\t\t\t<div class=\"elementor-widget-container\">\n\t\t\t\t\t\t\t\t\t<p>Todo un ritual, eso es desayunar en M\u00e1laga, en este caso en<strong> Restaurante La Ni\u00f1a del Guardia en Arroyo de la Miel<\/strong>, un acto con vocabulario propio, pedimos mitades o sombras, en taza o en vaso, grandes o peque\u00f1os\u2026 Y con el pan no iba a ser de otra forma, molletes o pitufos, vienas tostadas o sin tostar, con mantequilla o aceite, zurrapas, mantecas y un sin fin m\u00e1s con lo que acompa\u00f1ar nuestros distintos tipos de pan:<\/p>\t\t\t\t\t\t\t\t<\/div>\n\t\t\t\t<\/div>\n\t\t\t\t\t<\/div>\n\t\t\t\t<\/div>\n\t\t<div class=\"elementor-element elementor-element-7f7e5c1 elementor-hidden-desktop e-flex e-con-boxed e-con e-parent\" data-id=\"7f7e5c1\" data-element_type=\"container\" data-e-type=\"container\" data-settings=\"{&quot;background_background&quot;:&quot;classic&quot;}\">\n\t\t\t\t\t<div class=\"e-con-inner\">\n\t\t<div class=\"elementor-element elementor-element-ae051c3 e-con-full e-flex e-con e-child\" data-id=\"ae051c3\" data-element_type=\"container\" data-e-type=\"container\">\n\t\t\t\t<div class=\"elementor-element elementor-element-4eb7c72 elementor-widget elementor-widget-image\" data-id=\"4eb7c72\" data-element_type=\"widget\" data-e-type=\"widget\" data-widget_type=\"image.default\">\n\t\t\t\t<div class=\"elementor-widget-container\">\n\t\t\t\t\t\t\t\t\t\t\t\t\t\t\t<img decoding=\"async\" src=\"https:\/\/www.laninadelguardia.es\/wp-content\/uploads\/elementor\/thumbs\/Pan-Sin-Gluten-r0v8p4pngb3lztr5mrgenhmwq50w2bk9e8uw3zct22.png\" title=\"Pan Sin Gluten\" alt=\"Pan Sin Gluten\" loading=\"lazy\" \/>\t\t\t\t\t\t\t\t\t\t\t\t\t\t\t<\/div>\n\t\t\t\t<\/div>\n\t\t\t\t<div class=\"elementor-element elementor-element-07ae950 elementor-widget elementor-widget-heading\" data-id=\"07ae950\" data-element_type=\"widget\" data-e-type=\"widget\" data-widget_type=\"heading.default\">\n\t\t\t\t<div class=\"elementor-widget-container\">\n\t\t\t\t\t<h4 class=\"elementor-heading-title elementor-size-default\">Pan Sin Gluten\n<\/h4>\t\t\t\t<\/div>\n\t\t\t\t<\/div>\n\t\t\t\t<div class=\"elementor-element elementor-element-4670deb elementor-widget elementor-widget-text-editor\" data-id=\"4670deb\" data-element_type=\"widget\" data-e-type=\"widget\" data-widget_type=\"text-editor.default\">\n\t\t\t\t<div class=\"elementor-widget-container\">\n\t\t\t\t\t\t\t\t\t<p>Para los sensibles o al\u00e9rgicos al gluten pod\u00e9is elegir entre el pan tipo mollete, pitufo o pan de Viena.<\/p>\t\t\t\t\t\t\t\t<\/div>\n\t\t\t\t<\/div>\n\t\t\t\t<\/div>\n\t\t<div class=\"elementor-element elementor-element-c74322b e-con-full e-flex e-con e-child\" data-id=\"c74322b\" data-element_type=\"container\" data-e-type=\"container\">\n\t\t\t\t<div class=\"elementor-element elementor-element-5af9b26 elementor-widget elementor-widget-image\" data-id=\"5af9b26\" data-element_type=\"widget\" data-e-type=\"widget\" data-widget_type=\"image.default\">\n\t\t\t\t<div class=\"elementor-widget-container\">\n\t\t\t\t\t\t\t\t\t\t\t\t\t\t\t<img decoding=\"async\" src=\"https:\/\/www.laninadelguardia.es\/wp-content\/uploads\/elementor\/thumbs\/Mollete-3-r0py8rkpsf94or08zk7bg63xpl6afl9p2e23kbctui.png\" title=\"Mollete 3\" alt=\"Mollete 3\" loading=\"lazy\" \/>\t\t\t\t\t\t\t\t\t\t\t\t\t\t\t<\/div>\n\t\t\t\t<\/div>\n\t\t\t\t<div class=\"elementor-element elementor-element-2dd9f5f elementor-widget elementor-widget-heading\" data-id=\"2dd9f5f\" data-element_type=\"widget\" data-e-type=\"widget\" data-widget_type=\"heading.default\">\n\t\t\t\t<div class=\"elementor-widget-container\">\n\t\t\t\t\t<h4 class=\"elementor-heading-title elementor-size-default\">Mollete<\/h4>\t\t\t\t<\/div>\n\t\t\t\t<\/div>\n\t\t\t\t<div class=\"elementor-element elementor-element-873d802 elementor-widget elementor-widget-text-editor\" data-id=\"873d802\" data-element_type=\"widget\" data-e-type=\"widget\" data-widget_type=\"text-editor.default\">\n\t\t\t\t<div class=\"elementor-widget-container\">\n\t\t\t\t\t\t\t\t\t<p>Uno de los m\u00e1s consumidos en Andaluc\u00eda, con su corteza enharinada, su miga esponjosa y sabor suave.<\/p>\t\t\t\t\t\t\t\t<\/div>\n\t\t\t\t<\/div>\n\t\t\t\t<\/div>\n\t\t\t\t\t<\/div>\n\t\t\t\t<\/div>\n\t\t<div class=\"elementor-element elementor-element-02fc5c6 elementor-hidden-desktop e-flex e-con-boxed e-con e-parent\" data-id=\"02fc5c6\" data-element_type=\"container\" data-e-type=\"container\" data-settings=\"{&quot;background_background&quot;:&quot;classic&quot;}\">\n\t\t\t\t\t<div class=\"e-con-inner\">\n\t\t<div class=\"elementor-element elementor-element-f34fb1f e-con-full e-flex e-con e-child\" data-id=\"f34fb1f\" data-element_type=\"container\" data-e-type=\"container\">\n\t\t\t\t<div class=\"elementor-element elementor-element-5be9505 elementor-widget elementor-widget-image\" data-id=\"5be9505\" data-element_type=\"widget\" data-e-type=\"widget\" data-widget_type=\"image.default\">\n\t\t\t\t<div class=\"elementor-widget-container\">\n\t\t\t\t\t\t\t\t\t\t\t\t\t\t\t<img decoding=\"async\" src=\"https:\/\/www.laninadelguardia.es\/wp-content\/uploads\/elementor\/thumbs\/Viena-de-Mollete-2-r0pplnxptfdo2wwcll3ip6arrkjvtz7wmkzqgemn8a.png\" title=\"Viena de Mollete 2\" alt=\"Viena de Mollete 2\" loading=\"lazy\" \/>\t\t\t\t\t\t\t\t\t\t\t\t\t\t\t<\/div>\n\t\t\t\t<\/div>\n\t\t\t\t<div class=\"elementor-element elementor-element-b028eb0 elementor-widget elementor-widget-heading\" data-id=\"b028eb0\" data-element_type=\"widget\" data-e-type=\"widget\" data-widget_type=\"heading.default\">\n\t\t\t\t<div class=\"elementor-widget-container\">\n\t\t\t\t\t<h4 class=\"elementor-heading-title elementor-size-default\">Viena de Mollete\n<\/h4>\t\t\t\t<\/div>\n\t\t\t\t<\/div>\n\t\t\t\t<div class=\"elementor-element elementor-element-ebd8773 elementor-widget elementor-widget-text-editor\" data-id=\"ebd8773\" data-element_type=\"widget\" data-e-type=\"widget\" data-widget_type=\"text-editor.default\">\n\t\t\t\t<div class=\"elementor-widget-container\">\n\t\t\t\t\t\t\t\t\t<p>Igual que el mollete, pero para los que necesitan un mayor tama\u00f1o.<\/p>\t\t\t\t\t\t\t\t<\/div>\n\t\t\t\t<\/div>\n\t\t\t\t<\/div>\n\t\t<div class=\"elementor-element elementor-element-31b67c0 e-con-full e-flex e-con e-child\" data-id=\"31b67c0\" data-element_type=\"container\" data-e-type=\"container\">\n\t\t\t\t<div class=\"elementor-element elementor-element-622f5cd elementor-widget elementor-widget-image\" data-id=\"622f5cd\" data-element_type=\"widget\" data-e-type=\"widget\" data-widget_type=\"image.default\">\n\t\t\t\t<div class=\"elementor-widget-container\">\n\t\t\t\t\t\t\t\t\t\t\t\t\t\t\t<img decoding=\"async\" src=\"https:\/\/www.laninadelguardia.es\/wp-content\/uploads\/elementor\/thumbs\/Pitufo-Integral-2-r0pplnxptfdo2wwcll3ip6arrkjvtz7wmkzqgemn8a.png\" title=\"Pitufo Integral 2\" alt=\"Pitufo Integral 2\" loading=\"lazy\" \/>\t\t\t\t\t\t\t\t\t\t\t\t\t\t\t<\/div>\n\t\t\t\t<\/div>\n\t\t\t\t<div class=\"elementor-element elementor-element-ba0f41d elementor-widget elementor-widget-heading\" data-id=\"ba0f41d\" data-element_type=\"widget\" data-e-type=\"widget\" data-widget_type=\"heading.default\">\n\t\t\t\t<div class=\"elementor-widget-container\">\n\t\t\t\t\t<h4 class=\"elementor-heading-title elementor-size-default\">Pitufo Integral\n<\/h4>\t\t\t\t<\/div>\n\t\t\t\t<\/div>\n\t\t\t\t<div class=\"elementor-element elementor-element-45f18f3 elementor-widget elementor-widget-text-editor\" data-id=\"45f18f3\" data-element_type=\"widget\" data-e-type=\"widget\" data-widget_type=\"text-editor.default\">\n\t\t\t\t<div class=\"elementor-widget-container\">\n\t\t\t\t\t\t\t\t\t<p>Elaborado con harina no refinada, es m\u00e1s nutritivo, favorece la digesti\u00f3n y ayuda a controlar el peso.<\/p>\t\t\t\t\t\t\t\t<\/div>\n\t\t\t\t<\/div>\n\t\t\t\t<\/div>\n\t\t\t\t\t<\/div>\n\t\t\t\t<\/div>\n\t\t<div class=\"elementor-element elementor-element-0ab9058 elementor-hidden-desktop e-flex e-con-boxed e-con e-parent\" data-id=\"0ab9058\" data-element_type=\"container\" data-e-type=\"container\" data-settings=\"{&quot;background_background&quot;:&quot;classic&quot;}\">\n\t\t\t\t\t<div class=\"e-con-inner\">\n\t\t<div class=\"elementor-element elementor-element-3a40cc7 e-con-full e-flex e-con e-child\" data-id=\"3a40cc7\" data-element_type=\"container\" data-e-type=\"container\">\n\t\t\t\t<div class=\"elementor-element elementor-element-08562cf elementor-widget elementor-widget-image\" data-id=\"08562cf\" data-element_type=\"widget\" data-e-type=\"widget\" data-widget_type=\"image.default\">\n\t\t\t\t<div class=\"elementor-widget-container\">\n\t\t\t\t\t\t\t\t\t\t\t\t\t\t\t<img decoding=\"async\" src=\"https:\/\/www.laninadelguardia.es\/wp-content\/uploads\/elementor\/thumbs\/Pitufo-4-r0py8rkpsf94or08zk7bg63xpl6afl9p2e23kbctui.png\" title=\"Pitufo 4\" alt=\"Pitufo 4\" loading=\"lazy\" \/>\t\t\t\t\t\t\t\t\t\t\t\t\t\t\t<\/div>\n\t\t\t\t<\/div>\n\t\t\t\t<div class=\"elementor-element elementor-element-ea1d39b elementor-widget elementor-widget-heading\" data-id=\"ea1d39b\" data-element_type=\"widget\" data-e-type=\"widget\" data-widget_type=\"heading.default\">\n\t\t\t\t<div class=\"elementor-widget-container\">\n\t\t\t\t\t<h4 class=\"elementor-heading-title elementor-size-default\">Pitufo<\/h4>\t\t\t\t<\/div>\n\t\t\t\t<\/div>\n\t\t\t\t<div class=\"elementor-element elementor-element-a8cee69 elementor-widget elementor-widget-text-editor\" data-id=\"a8cee69\" data-element_type=\"widget\" data-e-type=\"widget\" data-widget_type=\"text-editor.default\">\n\t\t\t\t<div class=\"elementor-widget-container\">\n\t\t\t\t\t\t\t\t\t<p>El rey del pan para los desayunos, de corteza crujiente y miga esponjosa y muy suave.<\/p>\t\t\t\t\t\t\t\t<\/div>\n\t\t\t\t<\/div>\n\t\t\t\t<\/div>\n\t\t<div class=\"elementor-element elementor-element-b98639f e-con-full e-flex e-con e-child\" data-id=\"b98639f\" data-element_type=\"container\" data-e-type=\"container\">\n\t\t\t\t<div class=\"elementor-element elementor-element-e746afe elementor-widget elementor-widget-image\" data-id=\"e746afe\" data-element_type=\"widget\" data-e-type=\"widget\" data-widget_type=\"image.default\">\n\t\t\t\t<div class=\"elementor-widget-container\">\n\t\t\t\t\t\t\t\t\t\t\t\t\t\t\t<img decoding=\"async\" src=\"https:\/\/www.laninadelguardia.es\/wp-content\/uploads\/elementor\/thumbs\/Viena-2-r0pplnxptfdo2wwcll3ip6arrkjvtz7wmkzqgemn8a.png\" title=\"Viena 2\" alt=\"Viena 2\" loading=\"lazy\" \/>\t\t\t\t\t\t\t\t\t\t\t\t\t\t\t<\/div>\n\t\t\t\t<\/div>\n\t\t\t\t<div class=\"elementor-element elementor-element-ac3403e elementor-widget elementor-widget-heading\" data-id=\"ac3403e\" data-element_type=\"widget\" data-e-type=\"widget\" data-widget_type=\"heading.default\">\n\t\t\t\t<div class=\"elementor-widget-container\">\n\t\t\t\t\t<h4 class=\"elementor-heading-title elementor-size-default\">Viena<\/h4>\t\t\t\t<\/div>\n\t\t\t\t<\/div>\n\t\t\t\t<div class=\"elementor-element elementor-element-9ec9ada elementor-widget elementor-widget-text-editor\" data-id=\"9ec9ada\" data-element_type=\"widget\" data-e-type=\"widget\" data-widget_type=\"text-editor.default\">\n\t\t\t\t<div class=\"elementor-widget-container\">\n\t\t\t\t\t\t\t\t\t<p>Si necesitas algo m\u00e1s contundente para comenzar el d\u00eda, este es sin duda tu pan.<\/p>\t\t\t\t\t\t\t\t<\/div>\n\t\t\t\t<\/div>\n\t\t\t\t<\/div>\n\t\t\t\t\t<\/div>\n\t\t\t\t<\/div>\n\t\t<div class=\"elementor-element elementor-element-912b004 elementor-hidden-tablet elementor-hidden-mobile e-flex e-con-boxed e-con e-parent\" data-id=\"912b004\" data-element_type=\"container\" data-e-type=\"container\" data-settings=\"{&quot;background_background&quot;:&quot;classic&quot;}\">\n\t\t\t\t\t<div class=\"e-con-inner\">\n\t\t<div class=\"elementor-element elementor-element-ddd6b63 e-con-full e-flex e-con e-child\" data-id=\"ddd6b63\" data-element_type=\"container\" data-e-type=\"container\">\n\t\t\t\t<div class=\"elementor-element elementor-element-7a8d989 elementor-widget elementor-widget-image\" data-id=\"7a8d989\" data-element_type=\"widget\" data-e-type=\"widget\" data-widget_type=\"image.default\">\n\t\t\t\t<div class=\"elementor-widget-container\">\n\t\t\t\t\t\t\t\t\t\t\t\t\t\t\t<img decoding=\"async\" src=\"https:\/\/www.laninadelguardia.es\/wp-content\/uploads\/elementor\/thumbs\/Pan-Sin-Gluten-r0v8p4pngb3lztr5mrgenhmwq50w2bk9e8uw3zct22.png\" title=\"Pan Sin Gluten\" alt=\"Pan Sin Gluten\" loading=\"lazy\" \/>\t\t\t\t\t\t\t\t\t\t\t\t\t\t\t<\/div>\n\t\t\t\t<\/div>\n\t\t\t\t<div class=\"elementor-element elementor-element-460292d elementor-widget elementor-widget-heading\" data-id=\"460292d\" data-element_type=\"widget\" data-e-type=\"widget\" data-widget_type=\"heading.default\">\n\t\t\t\t<div class=\"elementor-widget-container\">\n\t\t\t\t\t<h4 class=\"elementor-heading-title elementor-size-default\">Pan Sin Gluten\n<\/h4>\t\t\t\t<\/div>\n\t\t\t\t<\/div>\n\t\t\t\t<div class=\"elementor-element elementor-element-a290986 elementor-widget elementor-widget-text-editor\" data-id=\"a290986\" data-element_type=\"widget\" data-e-type=\"widget\" data-widget_type=\"text-editor.default\">\n\t\t\t\t<div class=\"elementor-widget-container\">\n\t\t\t\t\t\t\t\t\t<p>Para los sensibles o al\u00e9rgicos al gluten pod\u00e9is elegir entre el pan tipo mollete, pitufo o pan de Viena.<\/p>\t\t\t\t\t\t\t\t<\/div>\n\t\t\t\t<\/div>\n\t\t\t\t<\/div>\n\t\t<div class=\"elementor-element elementor-element-9afe730 e-con-full e-flex e-con e-child\" data-id=\"9afe730\" data-element_type=\"container\" data-e-type=\"container\">\n\t\t\t\t<div class=\"elementor-element elementor-element-de3ccc7 elementor-widget elementor-widget-image\" data-id=\"de3ccc7\" data-element_type=\"widget\" data-e-type=\"widget\" data-widget_type=\"image.default\">\n\t\t\t\t<div class=\"elementor-widget-container\">\n\t\t\t\t\t\t\t\t\t\t\t\t\t\t\t<img decoding=\"async\" src=\"https:\/\/www.laninadelguardia.es\/wp-content\/uploads\/elementor\/thumbs\/Mollete-3-r0py8rkpsf94or08zk7bg63xpl6afl9p2e23kbctui.png\" title=\"Mollete 3\" alt=\"Mollete 3\" loading=\"lazy\" \/>\t\t\t\t\t\t\t\t\t\t\t\t\t\t\t<\/div>\n\t\t\t\t<\/div>\n\t\t\t\t<div class=\"elementor-element elementor-element-3478e2e elementor-widget elementor-widget-heading\" data-id=\"3478e2e\" data-element_type=\"widget\" data-e-type=\"widget\" data-widget_type=\"heading.default\">\n\t\t\t\t<div class=\"elementor-widget-container\">\n\t\t\t\t\t<h4 class=\"elementor-heading-title elementor-size-default\">Mollete<\/h4>\t\t\t\t<\/div>\n\t\t\t\t<\/div>\n\t\t\t\t<div class=\"elementor-element elementor-element-4edbf94 elementor-widget elementor-widget-text-editor\" data-id=\"4edbf94\" data-element_type=\"widget\" data-e-type=\"widget\" data-widget_type=\"text-editor.default\">\n\t\t\t\t<div class=\"elementor-widget-container\">\n\t\t\t\t\t\t\t\t\t<p>Uno de los m\u00e1s consumidos en Andaluc\u00eda, con su corteza enharinada, su miga esponjosa y sabor suave.<\/p>\t\t\t\t\t\t\t\t<\/div>\n\t\t\t\t<\/div>\n\t\t\t\t<\/div>\n\t\t<div class=\"elementor-element elementor-element-ca69c44 e-con-full e-flex e-con e-child\" data-id=\"ca69c44\" data-element_type=\"container\" data-e-type=\"container\">\n\t\t\t\t<div class=\"elementor-element elementor-element-e5a68a0 elementor-widget elementor-widget-image\" data-id=\"e5a68a0\" data-element_type=\"widget\" data-e-type=\"widget\" data-widget_type=\"image.default\">\n\t\t\t\t<div class=\"elementor-widget-container\">\n\t\t\t\t\t\t\t\t\t\t\t\t\t\t\t<img decoding=\"async\" src=\"https:\/\/www.laninadelguardia.es\/wp-content\/uploads\/elementor\/thumbs\/Viena-de-Mollete-2-r0pplnxptfdo2wwcll3ip6arrkjvtz7wmkzqgemn8a.png\" title=\"Viena de Mollete 2\" alt=\"Viena de Mollete 2\" loading=\"lazy\" \/>\t\t\t\t\t\t\t\t\t\t\t\t\t\t\t<\/div>\n\t\t\t\t<\/div>\n\t\t\t\t<div class=\"elementor-element elementor-element-a526771 elementor-widget elementor-widget-heading\" data-id=\"a526771\" data-element_type=\"widget\" data-e-type=\"widget\" data-widget_type=\"heading.default\">\n\t\t\t\t<div class=\"elementor-widget-container\">\n\t\t\t\t\t<h4 class=\"elementor-heading-title elementor-size-default\">Viena de Mollete<\/h4>\t\t\t\t<\/div>\n\t\t\t\t<\/div>\n\t\t\t\t<div class=\"elementor-element elementor-element-fd21c57 elementor-widget elementor-widget-text-editor\" data-id=\"fd21c57\" data-element_type=\"widget\" data-e-type=\"widget\" data-widget_type=\"text-editor.default\">\n\t\t\t\t<div class=\"elementor-widget-container\">\n\t\t\t\t\t\t\t\t\t<p>Igual que el mollete, pero para los que necesitan un mayor tama\u00f1o.<\/p>\t\t\t\t\t\t\t\t<\/div>\n\t\t\t\t<\/div>\n\t\t\t\t<\/div>\n\t\t<div class=\"elementor-element elementor-element-d2f9561 e-con-full e-flex e-con e-child\" data-id=\"d2f9561\" data-element_type=\"container\" data-e-type=\"container\">\n\t\t\t\t<div class=\"elementor-element elementor-element-a1547ca elementor-widget elementor-widget-image\" data-id=\"a1547ca\" data-element_type=\"widget\" data-e-type=\"widget\" data-widget_type=\"image.default\">\n\t\t\t\t<div class=\"elementor-widget-container\">\n\t\t\t\t\t\t\t\t\t\t\t\t\t\t\t<img decoding=\"async\" src=\"https:\/\/www.laninadelguardia.es\/wp-content\/uploads\/elementor\/thumbs\/Pitufo-Integral-2-r0pplnxptfdo2wwcll3ip6arrkjvtz7wmkzqgemn8a.png\" title=\"Pitufo Integral 2\" alt=\"Pitufo Integral 2\" loading=\"lazy\" \/>\t\t\t\t\t\t\t\t\t\t\t\t\t\t\t<\/div>\n\t\t\t\t<\/div>\n\t\t\t\t<div class=\"elementor-element elementor-element-dff1635 elementor-widget elementor-widget-heading\" data-id=\"dff1635\" data-element_type=\"widget\" data-e-type=\"widget\" data-widget_type=\"heading.default\">\n\t\t\t\t<div class=\"elementor-widget-container\">\n\t\t\t\t\t<h4 class=\"elementor-heading-title elementor-size-default\">Pitufo Integral<\/h4>\t\t\t\t<\/div>\n\t\t\t\t<\/div>\n\t\t\t\t<div class=\"elementor-element elementor-element-d8820d4 elementor-widget elementor-widget-text-editor\" data-id=\"d8820d4\" data-element_type=\"widget\" data-e-type=\"widget\" data-widget_type=\"text-editor.default\">\n\t\t\t\t<div class=\"elementor-widget-container\">\n\t\t\t\t\t\t\t\t\t<p>Elaborado con harina no refinada, es m\u00e1s nutritivo, favorece la digesti\u00f3n y ayuda a controlar el peso.<\/p>\t\t\t\t\t\t\t\t<\/div>\n\t\t\t\t<\/div>\n\t\t\t\t<\/div>\n\t\t<div class=\"elementor-element elementor-element-4cd74a0 e-con-full e-flex e-con e-child\" data-id=\"4cd74a0\" data-element_type=\"container\" data-e-type=\"container\">\n\t\t\t\t<div class=\"elementor-element elementor-element-7a70734 elementor-widget elementor-widget-image\" data-id=\"7a70734\" data-element_type=\"widget\" data-e-type=\"widget\" data-widget_type=\"image.default\">\n\t\t\t\t<div class=\"elementor-widget-container\">\n\t\t\t\t\t\t\t\t\t\t\t\t\t\t\t<img decoding=\"async\" src=\"https:\/\/www.laninadelguardia.es\/wp-content\/uploads\/elementor\/thumbs\/Pitufo-4-r0py8rkpsf94or08zk7bg63xpl6afl9p2e23kbctui.png\" title=\"Pitufo 4\" alt=\"Pitufo 4\" loading=\"lazy\" \/>\t\t\t\t\t\t\t\t\t\t\t\t\t\t\t<\/div>\n\t\t\t\t<\/div>\n\t\t\t\t<div class=\"elementor-element elementor-element-16f21a4 elementor-widget elementor-widget-heading\" data-id=\"16f21a4\" data-element_type=\"widget\" data-e-type=\"widget\" data-widget_type=\"heading.default\">\n\t\t\t\t<div class=\"elementor-widget-container\">\n\t\t\t\t\t<h4 class=\"elementor-heading-title elementor-size-default\">Pitufo<\/h4>\t\t\t\t<\/div>\n\t\t\t\t<\/div>\n\t\t\t\t<div class=\"elementor-element elementor-element-6f3ff60 elementor-widget elementor-widget-text-editor\" data-id=\"6f3ff60\" data-element_type=\"widget\" data-e-type=\"widget\" data-widget_type=\"text-editor.default\">\n\t\t\t\t<div class=\"elementor-widget-container\">\n\t\t\t\t\t\t\t\t\t<p>El rey del pan para los desayunos, de corteza crujiente y miga esponjosa y muy suave.<\/p>\t\t\t\t\t\t\t\t<\/div>\n\t\t\t\t<\/div>\n\t\t\t\t<\/div>\n\t\t<div class=\"elementor-element elementor-element-3f7fff9 e-con-full e-flex e-con e-child\" data-id=\"3f7fff9\" data-element_type=\"container\" data-e-type=\"container\">\n\t\t\t\t<div class=\"elementor-element elementor-element-c6c78ec elementor-widget elementor-widget-image\" data-id=\"c6c78ec\" data-element_type=\"widget\" data-e-type=\"widget\" data-widget_type=\"image.default\">\n\t\t\t\t<div class=\"elementor-widget-container\">\n\t\t\t\t\t\t\t\t\t\t\t\t\t\t\t<img decoding=\"async\" src=\"https:\/\/www.laninadelguardia.es\/wp-content\/uploads\/elementor\/thumbs\/Viena-2-r0pplnxptfdo2wwcll3ip6arrkjvtz7wmkzqgemn8a.png\" title=\"Viena 2\" alt=\"Viena 2\" loading=\"lazy\" \/>\t\t\t\t\t\t\t\t\t\t\t\t\t\t\t<\/div>\n\t\t\t\t<\/div>\n\t\t\t\t<div class=\"elementor-element elementor-element-6609433 elementor-widget elementor-widget-heading\" data-id=\"6609433\" data-element_type=\"widget\" data-e-type=\"widget\" data-widget_type=\"heading.default\">\n\t\t\t\t<div class=\"elementor-widget-container\">\n\t\t\t\t\t<h4 class=\"elementor-heading-title elementor-size-default\">Viena<\/h4>\t\t\t\t<\/div>\n\t\t\t\t<\/div>\n\t\t\t\t<div class=\"elementor-element elementor-element-d93d28f elementor-widget elementor-widget-text-editor\" data-id=\"d93d28f\" data-element_type=\"widget\" data-e-type=\"widget\" data-widget_type=\"text-editor.default\">\n\t\t\t\t<div class=\"elementor-widget-container\">\n\t\t\t\t\t\t\t\t\t<p>Si necesitas algo m\u00e1s contundente para comenzar el d\u00eda, este es sin duda tu pan.<\/p>\t\t\t\t\t\t\t\t<\/div>\n\t\t\t\t<\/div>\n\t\t\t\t<\/div>\n\t\t\t\t\t<\/div>\n\t\t\t\t<\/div>\n\t\t<div class=\"elementor-element elementor-element-460abad e-con-full e-flex e-con e-parent\" data-id=\"460abad\" data-element_type=\"container\" data-e-type=\"container\" data-settings=\"{&quot;background_background&quot;:&quot;classic&quot;}\">\n\t\t\t\t<\/div>\n\t\t<div class=\"elementor-element elementor-element-2b3e8c3 elementor-hidden-desktop e-flex e-con-boxed e-con e-parent\" data-id=\"2b3e8c3\" data-element_type=\"container\" data-e-type=\"container\">\n\t\t\t\t\t<div class=\"e-con-inner\">\n\t\t\t\t<div class=\"elementor-element elementor-element-11f76e1 elementor-widget elementor-widget-image\" data-id=\"11f76e1\" data-element_type=\"widget\" data-e-type=\"widget\" data-widget_type=\"image.default\">\n\t\t\t\t<div class=\"elementor-widget-container\">\n\t\t\t\t\t\t\t\t\t\t\t\t\t\t\t<img loading=\"lazy\" decoding=\"async\" width=\"104\" height=\"104\" src=\"https:\/\/www.laninadelguardia.es\/wp-content\/uploads\/2025\/02\/Icono-Carta-Desayunos-La-Nina-del-Guardia-CB.png\" class=\"attachment-large size-large wp-image-534\" alt=\"\" \/>\t\t\t\t\t\t\t\t\t\t\t\t\t\t\t<\/div>\n\t\t\t\t<\/div>\n\t\t\t\t<div class=\"elementor-element elementor-element-e9475db elementor-widget elementor-widget-heading\" data-id=\"e9475db\" data-element_type=\"widget\" data-e-type=\"widget\" data-widget_type=\"heading.default\">\n\t\t\t\t<div class=\"elementor-widget-container\">\n\t\t\t\t\t<h3 class=\"elementor-heading-title elementor-size-default\">CARTA DE DESAYUNOS<\/h3>\t\t\t\t<\/div>\n\t\t\t\t<\/div>\n\t\t\t\t<div class=\"elementor-element elementor-element-94c1fcb elementor-widget elementor-widget-image\" data-id=\"94c1fcb\" data-element_type=\"widget\" data-e-type=\"widget\" data-widget_type=\"image.default\">\n\t\t\t\t<div class=\"elementor-widget-container\">\n\t\t\t\t\t\t\t\t\t\t\t\t\t\t\t<img loading=\"lazy\" decoding=\"async\" width=\"980\" height=\"730\" src=\"https:\/\/www.laninadelguardia.es\/wp-content\/uploads\/2025\/02\/Pitufo-Catalana-Web-980x730-1.png\" class=\"attachment-large size-large wp-image-821\" alt=\"\" srcset=\"https:\/\/www.laninadelguardia.es\/wp-content\/uploads\/2025\/02\/Pitufo-Catalana-Web-980x730-1.png 980w, https:\/\/www.laninadelguardia.es\/wp-content\/uploads\/2025\/02\/Pitufo-Catalana-Web-980x730-1-300x223.png 300w, https:\/\/www.laninadelguardia.es\/wp-content\/uploads\/2025\/02\/Pitufo-Catalana-Web-980x730-1-768x572.png 768w\" sizes=\"(max-width: 980px) 100vw, 980px\" \/>\t\t\t\t\t\t\t\t\t\t\t\t\t\t\t<\/div>\n\t\t\t\t<\/div>\n\t\t\t\t\t<\/div>\n\t\t\t\t<\/div>\n\t\t<div class=\"elementor-element elementor-element-8eef347 elementor-hidden-desktop e-flex e-con-boxed e-con e-parent\" data-id=\"8eef347\" data-element_type=\"container\" data-e-type=\"container\">\n\t\t\t\t\t<div class=\"e-con-inner\">\n\t\t\t\t<div class=\"elementor-element elementor-element-c3b7667 elementor-widget elementor-widget-text-editor\" data-id=\"c3b7667\" data-element_type=\"widget\" data-e-type=\"widget\" data-widget_type=\"text-editor.default\">\n\t\t\t\t<div class=\"elementor-widget-container\">\n\t\t\t\t\t\t\t\t\t<p>\u00bfYa tienes claro cu\u00e1l es tu tipo de pan?<\/p><p>Ahora decide con que ef\u00edmero y suculento acompa\u00f1amiento le vas a dar brillo a ese pan.<\/p><p>Tienes una amplia variedad de opciones, desde el t\u00edpico aceite de oliva virgen extra, pasando por las zurrapas, mantecas, sobradadas y pat\u00e9s, los embutidos o el lomo en manteca, la tortilla y los filetitos de cerdo o pollo para los que deseen una chispa m\u00e1s potente.<\/p><p>Si quieres o necesitas algo a\u00fan m\u00e1s contundente, no, lo siguiente&#8230; tenemos los desayunos brit\u00e1nicos, ya sabes&#8230; el desayuno tipo ingl\u00e9s.<\/p><p>Aqu\u00ed puedes ver nuestra carta completa de desayunos.<\/p>\t\t\t\t\t\t\t\t<\/div>\n\t\t\t\t<\/div>\n\t\t\t\t<div class=\"elementor-element elementor-element-f1d93c5 elementor-tablet-align-center elementor-widget elementor-widget-button\" data-id=\"f1d93c5\" data-element_type=\"widget\" data-e-type=\"widget\" data-widget_type=\"button.default\">\n\t\t\t\t<div class=\"elementor-widget-container\">\n\t\t\t\t\t\t\t\t\t<div class=\"elementor-button-wrapper\">\n\t\t\t\t\t<a class=\"elementor-button elementor-button-link elementor-size-sm\" href=\"https:\/\/www.laninadelguardia.es\/wp-content\/uploads\/2025\/03\/Desayunos-la-Nina-del-Guardia.pdf\" target=\"_blank\">\n\t\t\t\t\t\t<span class=\"elementor-button-content-wrapper\">\n\t\t\t\t\t\t\t\t\t<span class=\"elementor-button-text\">CARTA DE DESAYUNOS<\/span>\n\t\t\t\t\t<\/span>\n\t\t\t\t\t<\/a>\n\t\t\t\t<\/div>\n\t\t\t\t\t\t\t\t<\/div>\n\t\t\t\t<\/div>\n\t\t\t\t\t<\/div>\n\t\t\t\t<\/div>\n\t\t<div class=\"elementor-element elementor-element-74ca3ec e-con-full elementor-hidden-tablet elementor-hidden-mobile e-flex e-con e-parent\" data-id=\"74ca3ec\" data-element_type=\"container\" data-e-type=\"container\" data-settings=\"{&quot;background_background&quot;:&quot;classic&quot;}\">\n\t\t<div class=\"elementor-element elementor-element-1e473f5 e-con-full e-flex e-con e-child\" data-id=\"1e473f5\" data-element_type=\"container\" data-e-type=\"container\">\n\t\t\t\t<div class=\"elementor-element elementor-element-1491a5e elementor-widget elementor-widget-image\" data-id=\"1491a5e\" data-element_type=\"widget\" data-e-type=\"widget\" data-widget_type=\"image.default\">\n\t\t\t\t<div class=\"elementor-widget-container\">\n\t\t\t\t\t\t\t\t\t\t\t\t\t\t\t<img loading=\"lazy\" decoding=\"async\" width=\"104\" height=\"104\" src=\"https:\/\/www.laninadelguardia.es\/wp-content\/uploads\/2025\/02\/Icono-Carta-Desayunos-La-Nina-del-Guardia-CB.png\" class=\"attachment-large size-large wp-image-534\" alt=\"\" \/>\t\t\t\t\t\t\t\t\t\t\t\t\t\t\t<\/div>\n\t\t\t\t<\/div>\n\t\t\t\t<div class=\"elementor-element elementor-element-c11a2ac elementor-widget elementor-widget-heading\" data-id=\"c11a2ac\" data-element_type=\"widget\" data-e-type=\"widget\" data-widget_type=\"heading.default\">\n\t\t\t\t<div class=\"elementor-widget-container\">\n\t\t\t\t\t<h3 class=\"elementor-heading-title elementor-size-default\">CARTA DE DESAYUNOS<\/h3>\t\t\t\t<\/div>\n\t\t\t\t<\/div>\n\t\t\t\t<div class=\"elementor-element elementor-element-98ce980 elementor-widget elementor-widget-text-editor\" data-id=\"98ce980\" data-element_type=\"widget\" data-e-type=\"widget\" data-widget_type=\"text-editor.default\">\n\t\t\t\t<div class=\"elementor-widget-container\">\n\t\t\t\t\t\t\t\t\t<p>\u00bfYa tienes claro cu\u00e1l es tu tipo de pan?<\/p><p>Ahora decide con que ef\u00edmero y suculento acompa\u00f1amiento le vas a dar brillo a ese pan.<\/p><p>Tienes una amplia variedad de opciones, desde el t\u00edpico aceite de oliva virgen extra, pasando por las zurrapas, mantecas, sobradadas y pat\u00e9s, los embutidos o el lomo en manteca, la tortilla y los filetitos de cerdo o pollo para los que deseen una chispa m\u00e1s potente.<\/p><p>Si quieres o necesitas algo a\u00fan m\u00e1s contundente, no, lo siguiente&#8230; tenemos los desayunos brit\u00e1nicos, ya sabes&#8230; el desayuno tipo ingl\u00e9s.<\/p><p>Aqu\u00ed puedes ver nuestra carta completa de desayunos.<\/p>\t\t\t\t\t\t\t\t<\/div>\n\t\t\t\t<\/div>\n\t\t\t\t<div class=\"elementor-element elementor-element-d23cd87 elementor-widget elementor-widget-button\" data-id=\"d23cd87\" data-element_type=\"widget\" data-e-type=\"widget\" data-widget_type=\"button.default\">\n\t\t\t\t<div class=\"elementor-widget-container\">\n\t\t\t\t\t\t\t\t\t<div class=\"elementor-button-wrapper\">\n\t\t\t\t\t<a class=\"elementor-button elementor-button-link elementor-size-sm\" href=\"https:\/\/www.laninadelguardia.es\/wp-content\/uploads\/2025\/03\/Desayunos-la-Nina-del-Guardia.pdf\" target=\"_blank\">\n\t\t\t\t\t\t<span class=\"elementor-button-content-wrapper\">\n\t\t\t\t\t\t\t\t\t<span class=\"elementor-button-text\">CARTA DE DESAYUNOS<\/span>\n\t\t\t\t\t<\/span>\n\t\t\t\t\t<\/a>\n\t\t\t\t<\/div>\n\t\t\t\t\t\t\t\t<\/div>\n\t\t\t\t<\/div>\n\t\t\t\t<\/div>\n\t\t<div class=\"elementor-element elementor-element-f438952 e-con-full e-flex e-con e-child\" data-id=\"f438952\" data-element_type=\"container\" data-e-type=\"container\">\n\t\t\t\t<div class=\"elementor-element elementor-element-a10c25d elementor-widget elementor-widget-image\" data-id=\"a10c25d\" data-element_type=\"widget\" data-e-type=\"widget\" data-widget_type=\"image.default\">\n\t\t\t\t<div class=\"elementor-widget-container\">\n\t\t\t\t\t\t\t\t\t\t\t\t\t\t\t<img loading=\"lazy\" decoding=\"async\" width=\"980\" height=\"730\" src=\"https:\/\/www.laninadelguardia.es\/wp-content\/uploads\/2025\/02\/Pitufo-Catalana-Web-980x730-1.png\" class=\"attachment-large size-large wp-image-821\" alt=\"\" srcset=\"https:\/\/www.laninadelguardia.es\/wp-content\/uploads\/2025\/02\/Pitufo-Catalana-Web-980x730-1.png 980w, https:\/\/www.laninadelguardia.es\/wp-content\/uploads\/2025\/02\/Pitufo-Catalana-Web-980x730-1-300x223.png 300w, https:\/\/www.laninadelguardia.es\/wp-content\/uploads\/2025\/02\/Pitufo-Catalana-Web-980x730-1-768x572.png 768w\" sizes=\"(max-width: 980px) 100vw, 980px\" \/>\t\t\t\t\t\t\t\t\t\t\t\t\t\t\t<\/div>\n\t\t\t\t<\/div>\n\t\t\t\t<\/div>\n\t\t\t\t<\/div>\n\t\t<div class=\"elementor-element elementor-element-720de66 e-con-full e-flex e-con e-parent\" data-id=\"720de66\" data-element_type=\"container\" data-e-type=\"container\" data-settings=\"{&quot;background_background&quot;:&quot;classic&quot;}\">\n\t\t\t\t<\/div>\n\t\t<div class=\"elementor-element elementor-element-7b76ab3 e-flex e-con-boxed e-con e-parent\" data-id=\"7b76ab3\" data-element_type=\"container\" data-e-type=\"container\" id=\"almuerzos\" data-settings=\"{&quot;background_background&quot;:&quot;classic&quot;}\">\n\t\t\t\t\t<div class=\"e-con-inner\">\n\t\t<div class=\"elementor-element elementor-element-8f7c605 e-con-full e-flex e-con e-child\" data-id=\"8f7c605\" data-element_type=\"container\" data-e-type=\"container\" data-settings=\"{&quot;background_background&quot;:&quot;classic&quot;}\">\n\t\t\t\t<div class=\"elementor-element elementor-element-c9a6275 elementor-widget elementor-widget-image\" data-id=\"c9a6275\" data-element_type=\"widget\" data-e-type=\"widget\" data-widget_type=\"image.default\">\n\t\t\t\t<div class=\"elementor-widget-container\">\n\t\t\t\t\t\t\t\t\t\t\t\t\t\t\t<img decoding=\"async\" src=\"https:\/\/www.laninadelguardia.es\/wp-content\/uploads\/elementor\/thumbs\/Icono-Alumuerzos-y-Cenas-La-Nina-del-Guardia-CC-r15iw3207ccozh3bh7toj0dezxjg9l7eavt3ovevag.png\" title=\"Icono Alumuerzos y Cenas La Ni\u00f1a del Guard\u00eda CC\" alt=\"Icono Alumuerzos y Cenas La Ni\u00f1a del Guard\u00eda CC\" loading=\"lazy\" \/>\t\t\t\t\t\t\t\t\t\t\t\t\t\t\t<\/div>\n\t\t\t\t<\/div>\n\t\t\t\t<div class=\"elementor-element elementor-element-0a574f7 elementor-widget elementor-widget-heading\" data-id=\"0a574f7\" data-element_type=\"widget\" data-e-type=\"widget\" data-widget_type=\"heading.default\">\n\t\t\t\t<div class=\"elementor-widget-container\">\n\t\t\t\t\t<h2 class=\"elementor-heading-title elementor-size-default\">ALMUERZOS Y CENAS<\/h2>\t\t\t\t<\/div>\n\t\t\t\t<\/div>\n\t\t\t\t<div class=\"elementor-element elementor-element-8979d01 elementor-widget elementor-widget-text-editor\" data-id=\"8979d01\" data-element_type=\"widget\" data-e-type=\"widget\" data-widget_type=\"text-editor.default\">\n\t\t\t\t<div class=\"elementor-widget-container\">\n\t\t\t\t\t\t\t\t\t<p>Casera y tradicional, as\u00ed es nuestra cocina, y as\u00ed queremos que sea y siga siendo. Que su sabor sea entra\u00f1able, cercano, memorable\u2026 es por lo que apostamos y trabajamos.<\/p><p>Te ofrecemos un amplio y variado ramillete de platos donde elegir, donde satisfacer tu apetito, tus deseos o necesidades.<\/p><p>Si te apetece algo saludable, puedes escoger entre alguno de nuestros platos de \u201cLa Huerta\u201d, para un picoteo informal tienes nuestras \u201cTapas o Pinchos\u201d o alguno de nuestros \u201cBocado a Bocado\u201d, para compartir puedes elegir algunas de nuestras \u201cSarten\u00e1s, Reban\u00e1s o Croquetas\u201d, las tenemos de 12 sabores distintos.<\/p><p>Si deseas algo m\u00e1s cl\u00e1sico, m\u00e1s formal, una carne o un pescado con la guarnici\u00f3n que elijas y la salsa que te guste. Si vienes en familia o con amigos, talvez uno de \u201cNuestros Arroces y M\u00e1s\u2026\u201d, en fin, puedes optar entre diversas opciones para almorzar o cenar. Sea cual sea tu elecci\u00f3n deseamos que sea te tu agrado.<\/p><p>Ah, sin olvidarnos de los que quieran algo especial, algo de las \u201c<strong>Especialidades de La Ni\u00f1a del Guardia<\/strong>\u201d, como el Rabo de Toro o Las Manitas de Cerdo, por ejemplo, platos que quiz\u00e1s seamos el \u00fanico sitio donde los puedas comer en Benalm\u00e1dena, al menos con nuestro toque tradicional casero.<\/p>\t\t\t\t\t\t\t\t<\/div>\n\t\t\t\t<\/div>\n\t\t\t\t<\/div>\n\t\t\t\t\t<\/div>\n\t\t\t\t<\/div>\n\t\t<div class=\"elementor-element elementor-element-4935e88 e-flex e-con-boxed e-con e-parent\" data-id=\"4935e88\" data-element_type=\"container\" data-e-type=\"container\" data-settings=\"{&quot;background_background&quot;:&quot;classic&quot;}\">\n\t\t\t\t\t<div class=\"e-con-inner\">\n\t\t<div class=\"elementor-element elementor-element-243038f e-con-full e-flex e-con e-child\" data-id=\"243038f\" data-element_type=\"container\" data-e-type=\"container\">\n\t\t\t\t<div class=\"elementor-element elementor-element-e6050cd elementor-widget elementor-widget-image\" data-id=\"e6050cd\" data-element_type=\"widget\" data-e-type=\"widget\" data-widget_type=\"image.default\">\n\t\t\t\t<div class=\"elementor-widget-container\">\n\t\t\t\t\t\t\t\t\t\t\t\t\t\t\t<img loading=\"lazy\" decoding=\"async\" width=\"600\" height=\"400\" src=\"https:\/\/www.laninadelguardia.es\/wp-content\/uploads\/2025\/02\/Rabo-de-Toro.png\" class=\"attachment-large size-large wp-image-647\" alt=\"\" srcset=\"https:\/\/www.laninadelguardia.es\/wp-content\/uploads\/2025\/02\/Rabo-de-Toro.png 600w, https:\/\/www.laninadelguardia.es\/wp-content\/uploads\/2025\/02\/Rabo-de-Toro-300x200.png 300w\" sizes=\"(max-width: 600px) 100vw, 600px\" \/>\t\t\t\t\t\t\t\t\t\t\t\t\t\t\t<\/div>\n\t\t\t\t<\/div>\n\t\t\t\t<div class=\"elementor-element elementor-element-73f5c3c elementor-widget elementor-widget-heading\" data-id=\"73f5c3c\" data-element_type=\"widget\" data-e-type=\"widget\" data-widget_type=\"heading.default\">\n\t\t\t\t<div class=\"elementor-widget-container\">\n\t\t\t\t\t<h3 class=\"elementor-heading-title elementor-size-default\">Rabo de Toro<\/h3>\t\t\t\t<\/div>\n\t\t\t\t<\/div>\n\t\t\t\t<\/div>\n\t\t<div class=\"elementor-element elementor-element-d3207a6 e-con-full e-flex e-con e-child\" data-id=\"d3207a6\" data-element_type=\"container\" data-e-type=\"container\">\n\t\t\t\t<div class=\"elementor-element elementor-element-3f0f331 elementor-widget elementor-widget-image\" data-id=\"3f0f331\" data-element_type=\"widget\" data-e-type=\"widget\" data-widget_type=\"image.default\">\n\t\t\t\t<div class=\"elementor-widget-container\">\n\t\t\t\t\t\t\t\t\t\t\t\t\t\t\t<img loading=\"lazy\" decoding=\"async\" width=\"600\" height=\"400\" src=\"https:\/\/www.laninadelguardia.es\/wp-content\/uploads\/2025\/02\/Manitas-de-Cerdo.png\" class=\"attachment-large size-large wp-image-646\" alt=\"\" srcset=\"https:\/\/www.laninadelguardia.es\/wp-content\/uploads\/2025\/02\/Manitas-de-Cerdo.png 600w, https:\/\/www.laninadelguardia.es\/wp-content\/uploads\/2025\/02\/Manitas-de-Cerdo-300x200.png 300w\" sizes=\"(max-width: 600px) 100vw, 600px\" \/>\t\t\t\t\t\t\t\t\t\t\t\t\t\t\t<\/div>\n\t\t\t\t<\/div>\n\t\t\t\t<div class=\"elementor-element elementor-element-5ed28db elementor-widget elementor-widget-heading\" data-id=\"5ed28db\" data-element_type=\"widget\" data-e-type=\"widget\" data-widget_type=\"heading.default\">\n\t\t\t\t<div class=\"elementor-widget-container\">\n\t\t\t\t\t<h3 class=\"elementor-heading-title elementor-size-default\">Manitas de Cerdo<\/h3>\t\t\t\t<\/div>\n\t\t\t\t<\/div>\n\t\t\t\t<\/div>\n\t\t\t\t\t<\/div>\n\t\t\t\t<\/div>\n\t\t<div class=\"elementor-element elementor-element-354ead6 e-con-full e-flex e-con e-parent\" data-id=\"354ead6\" data-element_type=\"container\" data-e-type=\"container\" data-settings=\"{&quot;background_background&quot;:&quot;classic&quot;}\">\n\t\t\t\t<\/div>\n\t\t<div class=\"elementor-element elementor-element-d2c768a elementor-hidden-desktop e-flex e-con-boxed e-con e-parent\" data-id=\"d2c768a\" data-element_type=\"container\" data-e-type=\"container\">\n\t\t\t\t\t<div class=\"e-con-inner\">\n\t\t\t\t<div class=\"elementor-element elementor-element-080fc8f elementor-hidden-desktop elementor-widget elementor-widget-image\" data-id=\"080fc8f\" data-element_type=\"widget\" data-e-type=\"widget\" data-widget_type=\"image.default\">\n\t\t\t\t<div class=\"elementor-widget-container\">\n\t\t\t\t\t\t\t\t\t\t\t\t\t\t\t<img loading=\"lazy\" decoding=\"async\" width=\"104\" height=\"104\" src=\"https:\/\/www.laninadelguardia.es\/wp-content\/uploads\/2025\/02\/Icono-Paella-Desayunos-La-Nina-del-Guardia-CB.png\" class=\"attachment-large size-large wp-image-717\" alt=\"\" \/>\t\t\t\t\t\t\t\t\t\t\t\t\t\t\t<\/div>\n\t\t\t\t<\/div>\n\t\t\t\t<div class=\"elementor-element elementor-element-cc86c25 elementor-widget elementor-widget-heading\" data-id=\"cc86c25\" data-element_type=\"widget\" data-e-type=\"widget\" data-widget_type=\"heading.default\">\n\t\t\t\t<div class=\"elementor-widget-container\">\n\t\t\t\t\t<h3 class=\"elementor-heading-title elementor-size-default\">LA MEJOR PAELLA DE BENALM\u00c1DENA<\/h3>\t\t\t\t<\/div>\n\t\t\t\t<\/div>\n\t\t\t\t<div class=\"elementor-element elementor-element-8b0b1bc elementor-widget elementor-widget-image\" data-id=\"8b0b1bc\" data-element_type=\"widget\" data-e-type=\"widget\" data-widget_type=\"image.default\">\n\t\t\t\t<div class=\"elementor-widget-container\">\n\t\t\t\t\t\t\t\t\t\t\t\t\t\t\t<img loading=\"lazy\" decoding=\"async\" width=\"930\" height=\"600\" src=\"https:\/\/www.laninadelguardia.es\/wp-content\/uploads\/2025\/02\/Paella-La-Nina-del-Guardia-930x600-1.png\" class=\"attachment-large size-large wp-image-840\" alt=\"\" srcset=\"https:\/\/www.laninadelguardia.es\/wp-content\/uploads\/2025\/02\/Paella-La-Nina-del-Guardia-930x600-1.png 930w, https:\/\/www.laninadelguardia.es\/wp-content\/uploads\/2025\/02\/Paella-La-Nina-del-Guardia-930x600-1-300x194.png 300w, https:\/\/www.laninadelguardia.es\/wp-content\/uploads\/2025\/02\/Paella-La-Nina-del-Guardia-930x600-1-768x495.png 768w\" sizes=\"(max-width: 930px) 100vw, 930px\" \/>\t\t\t\t\t\t\t\t\t\t\t\t\t\t\t<\/div>\n\t\t\t\t<\/div>\n\t\t\t\t<div class=\"elementor-element elementor-element-97bafc5 elementor-widget elementor-widget-text-editor\" data-id=\"97bafc5\" data-element_type=\"widget\" data-e-type=\"widget\" data-widget_type=\"text-editor.default\">\n\t\t\t\t<div class=\"elementor-widget-container\">\n\t\t\t\t\t\t\t\t\t<p>Bueno&#8230; sobre gustos colores, cada uno tiene el suyo, como su&#8230; ya sabes.<\/p><p>Pero a las nueve de la ma\u00f1ana si quieres comer paella, ser\u00e1 la mejor. Si, si te apetece comer paella a esa hora en La Ni\u00f1a del Guardia puedes, desde las 8:30 h. nuestra cocina est\u00e1 abierta.<\/p><p>Puedes elegir entre la paella de carne, de marisco, ib\u00e9rica, la negra con su irresistible alioli, un arroz caldoso o la paella mixta de siempre. Ah sin olvidarnos de la fideu\u00e1, para los que prefieran los fideos en lugar de arroz.<\/p><p>Sea lo que sea que que te apetezca comer en Restaurante La Ni\u00f1a del Guardia, aqu\u00ed puedes ver nuestra carta completa.<\/p>\t\t\t\t\t\t\t\t<\/div>\n\t\t\t\t<\/div>\n\t\t\t\t\t<\/div>\n\t\t\t\t<\/div>\n\t\t<div class=\"elementor-element elementor-element-14aa94e e-con-full elementor-hidden-tablet elementor-hidden-mobile e-flex e-con e-parent\" data-id=\"14aa94e\" data-element_type=\"container\" data-e-type=\"container\" data-settings=\"{&quot;background_background&quot;:&quot;classic&quot;}\">\n\t\t<div class=\"elementor-element elementor-element-015ee92 e-con-full e-flex e-con e-child\" data-id=\"015ee92\" data-element_type=\"container\" data-e-type=\"container\">\n\t\t\t\t<div class=\"elementor-element elementor-element-b538d11 elementor-widget elementor-widget-image\" data-id=\"b538d11\" data-element_type=\"widget\" data-e-type=\"widget\" data-widget_type=\"image.default\">\n\t\t\t\t<div class=\"elementor-widget-container\">\n\t\t\t\t\t\t\t\t\t\t\t\t\t\t\t<img loading=\"lazy\" decoding=\"async\" width=\"930\" height=\"600\" src=\"https:\/\/www.laninadelguardia.es\/wp-content\/uploads\/2025\/02\/Paella-La-Nina-del-Guardia-930x600-1.png\" class=\"attachment-large size-large wp-image-840\" alt=\"\" srcset=\"https:\/\/www.laninadelguardia.es\/wp-content\/uploads\/2025\/02\/Paella-La-Nina-del-Guardia-930x600-1.png 930w, https:\/\/www.laninadelguardia.es\/wp-content\/uploads\/2025\/02\/Paella-La-Nina-del-Guardia-930x600-1-300x194.png 300w, https:\/\/www.laninadelguardia.es\/wp-content\/uploads\/2025\/02\/Paella-La-Nina-del-Guardia-930x600-1-768x495.png 768w\" sizes=\"(max-width: 930px) 100vw, 930px\" \/>\t\t\t\t\t\t\t\t\t\t\t\t\t\t\t<\/div>\n\t\t\t\t<\/div>\n\t\t\t\t<\/div>\n\t\t<div class=\"elementor-element elementor-element-0f99b00 e-con-full e-flex e-con e-child\" data-id=\"0f99b00\" data-element_type=\"container\" data-e-type=\"container\">\n\t\t\t\t<div class=\"elementor-element elementor-element-91875e6 elementor-widget elementor-widget-image\" data-id=\"91875e6\" data-element_type=\"widget\" data-e-type=\"widget\" data-widget_type=\"image.default\">\n\t\t\t\t<div class=\"elementor-widget-container\">\n\t\t\t\t\t\t\t\t\t\t\t\t\t\t\t<img loading=\"lazy\" decoding=\"async\" width=\"104\" height=\"104\" src=\"https:\/\/www.laninadelguardia.es\/wp-content\/uploads\/2025\/02\/Icono-Paella-Desayunos-La-Nina-del-Guardia-CB.png\" class=\"attachment-large size-large wp-image-717\" alt=\"\" \/>\t\t\t\t\t\t\t\t\t\t\t\t\t\t\t<\/div>\n\t\t\t\t<\/div>\n\t\t\t\t<div class=\"elementor-element elementor-element-156d9dc elementor-widget elementor-widget-heading\" data-id=\"156d9dc\" data-element_type=\"widget\" data-e-type=\"widget\" data-widget_type=\"heading.default\">\n\t\t\t\t<div class=\"elementor-widget-container\">\n\t\t\t\t\t<h3 class=\"elementor-heading-title elementor-size-default\">LA MEJOR PAELLA DE BENALM\u00c1DENA<\/h3>\t\t\t\t<\/div>\n\t\t\t\t<\/div>\n\t\t\t\t<div class=\"elementor-element elementor-element-b6c9ed6 elementor-widget elementor-widget-text-editor\" data-id=\"b6c9ed6\" data-element_type=\"widget\" data-e-type=\"widget\" data-widget_type=\"text-editor.default\">\n\t\t\t\t<div class=\"elementor-widget-container\">\n\t\t\t\t\t\t\t\t\t<p>Bueno&#8230; sobre gustos colores, cada uno tiene el suyo, como su&#8230; ya sabes.<\/p><p>Pero a las nueve de la ma\u00f1ana si quieres comer paella, ser\u00e1 la mejor. Si, si te apetece comer paella a esa hora en La Ni\u00f1a del Guardia puedes, desde las 8:30 h. nuestra cocina est\u00e1 abierta.<\/p><p>Puedes elegir entre la paella de carne, de marisco, ib\u00e9rica, la negra con su irresistible alioli, un arroz caldoso o la paella mixta de siempre. Ah sin olvidarnos de la fideu\u00e1, para los que prefieran los fideos en lugar de arroz.<\/p><p>Sea lo que sea que que te apetezca comer en Restaurante La Ni\u00f1a del Guardia, aqu\u00ed puedes ver nuestra carta completa.<\/p>\t\t\t\t\t\t\t\t<\/div>\n\t\t\t\t<\/div>\n\t\t\t\t<\/div>\n\t\t\t\t<\/div>\n\t\t<div class=\"elementor-element elementor-element-7b85e2e e-flex e-con-boxed e-con e-parent\" data-id=\"7b85e2e\" data-element_type=\"container\" data-e-type=\"container\">\n\t\t\t\t\t<div class=\"e-con-inner\">\n\t\t\t\t<div class=\"elementor-element elementor-element-60d1d55 elementor-align-center elementor-widget elementor-widget-button\" data-id=\"60d1d55\" data-element_type=\"widget\" data-e-type=\"widget\" data-widget_type=\"button.default\">\n\t\t\t\t<div class=\"elementor-widget-container\">\n\t\t\t\t\t\t\t\t\t<div class=\"elementor-button-wrapper\">\n\t\t\t\t\t<a class=\"elementor-button elementor-button-link elementor-size-sm\" href=\"https:\/\/www.laninadelguardia.es\/wp-content\/uploads\/2025\/03\/Carta-Web-La-Nina-del-Guardia.pdf\" target=\"_blank\" rel=\"nofollow\">\n\t\t\t\t\t\t<span class=\"elementor-button-content-wrapper\">\n\t\t\t\t\t\t\t\t\t<span class=\"elementor-button-text\">CARTA<\/span>\n\t\t\t\t\t<\/span>\n\t\t\t\t\t<\/a>\n\t\t\t\t<\/div>\n\t\t\t\t\t\t\t\t<\/div>\n\t\t\t\t<\/div>\n\t\t\t\t\t<\/div>\n\t\t\t\t<\/div>\n\t\t<div class=\"elementor-element elementor-element-f124693 e-con-full e-flex e-con e-parent\" data-id=\"f124693\" data-element_type=\"container\" data-e-type=\"container\" data-settings=\"{&quot;background_background&quot;:&quot;classic&quot;}\">\n\t\t\t\t<\/div>\n\t\t<div class=\"elementor-element elementor-element-a543b8e e-con-full elementor-hidden-tablet elementor-hidden-mobile e-flex e-con e-parent\" data-id=\"a543b8e\" data-element_type=\"container\" data-e-type=\"container\" data-settings=\"{&quot;background_background&quot;:&quot;classic&quot;}\">\n\t\t\t\t<div class=\"elementor-element elementor-element-0373a21 elementor-widget elementor-widget-text-editor\" data-id=\"0373a21\" data-element_type=\"widget\" data-e-type=\"widget\" data-widget_type=\"text-editor.default\">\n\t\t\t\t<div class=\"elementor-widget-container\">\n\t\t\t\t\t\t\t\t\t<p><img loading=\"lazy\" decoding=\"async\" class=\"alignnone size-full wp-image-717\" src=\"https:\/\/www.laninadelguardia.es\/wp-content\/uploads\/2025\/02\/Icono-Paella-Desayunos-La-Nina-del-Guardia-CB.png\" alt=\"\" width=\"104\" height=\"104\" \/> <img loading=\"lazy\" decoding=\"async\" class=\"alignnone size-full wp-image-681\" src=\"https:\/\/www.laninadelguardia.es\/wp-content\/uploads\/2025\/02\/Icono-Comer-Barato-La-Nina-del-Guardia-CB.png\" alt=\"\" width=\"104\" height=\"104\" srcset=\"https:\/\/www.laninadelguardia.es\/wp-content\/uploads\/2025\/02\/Icono-Comer-Barato-La-Nina-del-Guardia-CB.png 104w, https:\/\/www.laninadelguardia.es\/wp-content\/uploads\/2025\/02\/elementor\/thumbs\/Icono-Comer-Barato-La-Nina-del-Guardia-CB-r125cep99ydq8d08ct20a73esooxxw2mpan7rf9srs.png 100w\" sizes=\"(max-width: 104px) 100vw, 104px\" \/><\/p>\t\t\t\t\t\t\t\t<\/div>\n\t\t\t\t<\/div>\n\t\t\t\t<div class=\"elementor-element elementor-element-ead59bf elementor-widget elementor-widget-heading\" data-id=\"ead59bf\" data-element_type=\"widget\" data-e-type=\"widget\" data-widget_type=\"heading.default\">\n\t\t\t\t<div class=\"elementor-widget-container\">\n\t\t\t\t\t<h3 class=\"elementor-heading-title elementor-size-default\">NUESTRA OFERTA EN PAELLA<\/h3>\t\t\t\t<\/div>\n\t\t\t\t<\/div>\n\t\t\t\t<div class=\"elementor-element elementor-element-32edaf6 elementor-widget elementor-widget-text-editor\" data-id=\"32edaf6\" data-element_type=\"widget\" data-e-type=\"widget\" data-widget_type=\"text-editor.default\">\n\t\t\t\t<div class=\"elementor-widget-container\">\n\t\t\t\t\t\t\t\t\t<p>Disfruta de una paella para dos personas, eligiendo cualquiera de nuestros arroces y acompa\u00f1\u00e1ndolo de una botella de vino de la casa, una jarra de 1L de tinto de verano o una jarra de 1L de cerveza por solo:<\/p>\t\t\t\t\t\t\t\t<\/div>\n\t\t\t\t<\/div>\n\t\t\t\t<div class=\"elementor-element elementor-element-5f87915 elementor-widget elementor-widget-text-editor\" data-id=\"5f87915\" data-element_type=\"widget\" data-e-type=\"widget\" data-widget_type=\"text-editor.default\">\n\t\t\t\t<div class=\"elementor-widget-container\">\n\t\t\t\t\t\t\t\t\t<p>28\u20ac<\/p>\t\t\t\t\t\t\t\t<\/div>\n\t\t\t\t<\/div>\n\t\t\t\t<\/div>\n\t\t<div class=\"elementor-element elementor-element-38af459 elementor-hidden-desktop elementor-hidden-mobile e-flex e-con-boxed e-con e-parent\" data-id=\"38af459\" data-element_type=\"container\" data-e-type=\"container\" data-settings=\"{&quot;background_background&quot;:&quot;classic&quot;}\">\n\t\t\t\t\t<div class=\"e-con-inner\">\n\t\t\t\t<div class=\"elementor-element elementor-element-9de917d elementor-widget elementor-widget-text-editor\" data-id=\"9de917d\" data-element_type=\"widget\" data-e-type=\"widget\" data-widget_type=\"text-editor.default\">\n\t\t\t\t<div class=\"elementor-widget-container\">\n\t\t\t\t\t\t\t\t\t<p><img loading=\"lazy\" decoding=\"async\" class=\"alignnone size-full wp-image-717\" src=\"https:\/\/www.laninadelguardia.es\/wp-content\/uploads\/2025\/02\/Icono-Paella-Desayunos-La-Nina-del-Guardia-CB.png\" alt=\"\" width=\"104\" height=\"104\" \/><img loading=\"lazy\" decoding=\"async\" class=\"alignnone size-full wp-image-681\" src=\"https:\/\/www.laninadelguardia.es\/wp-content\/uploads\/2025\/02\/Icono-Comer-Barato-La-Nina-del-Guardia-CB.png\" alt=\"\" width=\"104\" height=\"104\" srcset=\"https:\/\/www.laninadelguardia.es\/wp-content\/uploads\/2025\/02\/Icono-Comer-Barato-La-Nina-del-Guardia-CB.png 104w, https:\/\/www.laninadelguardia.es\/wp-content\/uploads\/2025\/02\/elementor\/thumbs\/Icono-Comer-Barato-La-Nina-del-Guardia-CB-r125cep99ydq8d08ct20a73esooxxw2mpan7rf9srs.png 100w\" sizes=\"(max-width: 104px) 100vw, 104px\" \/><\/p>\t\t\t\t\t\t\t\t<\/div>\n\t\t\t\t<\/div>\n\t\t\t\t<div class=\"elementor-element elementor-element-fe99dd4 elementor-widget elementor-widget-heading\" data-id=\"fe99dd4\" data-element_type=\"widget\" data-e-type=\"widget\" data-widget_type=\"heading.default\">\n\t\t\t\t<div class=\"elementor-widget-container\">\n\t\t\t\t\t<h3 class=\"elementor-heading-title elementor-size-default\">NUESTRA OFERTA EN PAELLA<\/h3>\t\t\t\t<\/div>\n\t\t\t\t<\/div>\n\t\t\t\t<div class=\"elementor-element elementor-element-a0f65c6 elementor-widget elementor-widget-text-editor\" data-id=\"a0f65c6\" data-element_type=\"widget\" data-e-type=\"widget\" data-widget_type=\"text-editor.default\">\n\t\t\t\t<div class=\"elementor-widget-container\">\n\t\t\t\t\t\t\t\t\t<p>Disfruta de una paella para dos personas, eligiendo cualquiera de nuestros arroces y acompa\u00f1\u00e1ndolo de una botella de vino de la casa, una jarra de 1L de tinto de verano o una jarra de 1L de cerveza por solo:<\/p>\t\t\t\t\t\t\t\t<\/div>\n\t\t\t\t<\/div>\n\t\t\t\t<div class=\"elementor-element elementor-element-85d814c elementor-widget elementor-widget-text-editor\" data-id=\"85d814c\" data-element_type=\"widget\" data-e-type=\"widget\" data-widget_type=\"text-editor.default\">\n\t\t\t\t<div class=\"elementor-widget-container\">\n\t\t\t\t\t\t\t\t\t<p>28\u20ac<\/p>\t\t\t\t\t\t\t\t<\/div>\n\t\t\t\t<\/div>\n\t\t\t\t<div class=\"elementor-element elementor-element-08e72bc elementor-widget elementor-widget-image\" data-id=\"08e72bc\" data-element_type=\"widget\" data-e-type=\"widget\" data-widget_type=\"image.default\">\n\t\t\t\t<div class=\"elementor-widget-container\">\n\t\t\t\t\t\t\t\t\t\t\t\t\t\t\t<img loading=\"lazy\" decoding=\"async\" width=\"1024\" height=\"437\" src=\"https:\/\/www.laninadelguardia.es\/wp-content\/uploads\/2025\/03\/Oferta-Paella-PNG.png\" class=\"attachment-large size-large wp-image-1177\" alt=\"\" srcset=\"https:\/\/www.laninadelguardia.es\/wp-content\/uploads\/2025\/03\/Oferta-Paella-PNG.png 1024w, https:\/\/www.laninadelguardia.es\/wp-content\/uploads\/2025\/03\/Oferta-Paella-PNG-300x128.png 300w, https:\/\/www.laninadelguardia.es\/wp-content\/uploads\/2025\/03\/Oferta-Paella-PNG-768x328.png 768w\" sizes=\"(max-width: 1024px) 100vw, 1024px\" \/>\t\t\t\t\t\t\t\t\t\t\t\t\t\t\t<\/div>\n\t\t\t\t<\/div>\n\t\t\t\t\t<\/div>\n\t\t\t\t<\/div>\n\t\t<div class=\"elementor-element elementor-element-0c4680f elementor-hidden-desktop elementor-hidden-tablet e-flex e-con-boxed e-con e-parent\" data-id=\"0c4680f\" data-element_type=\"container\" data-e-type=\"container\" data-settings=\"{&quot;background_background&quot;:&quot;classic&quot;}\">\n\t\t\t\t\t<div class=\"e-con-inner\">\n\t\t\t\t<div class=\"elementor-element elementor-element-3305c28 elementor-widget elementor-widget-text-editor\" data-id=\"3305c28\" data-element_type=\"widget\" data-e-type=\"widget\" data-widget_type=\"text-editor.default\">\n\t\t\t\t<div class=\"elementor-widget-container\">\n\t\t\t\t\t\t\t\t\t<p><img loading=\"lazy\" decoding=\"async\" class=\"alignnone size-full wp-image-717\" src=\"https:\/\/www.laninadelguardia.es\/wp-content\/uploads\/2025\/02\/Icono-Paella-Desayunos-La-Nina-del-Guardia-CB.png\" alt=\"\" width=\"104\" height=\"104\" \/><img loading=\"lazy\" decoding=\"async\" class=\"alignnone size-full wp-image-681\" src=\"https:\/\/www.laninadelguardia.es\/wp-content\/uploads\/2025\/02\/Icono-Comer-Barato-La-Nina-del-Guardia-CB.png\" alt=\"\" width=\"104\" height=\"104\" srcset=\"https:\/\/www.laninadelguardia.es\/wp-content\/uploads\/2025\/02\/Icono-Comer-Barato-La-Nina-del-Guardia-CB.png 104w, https:\/\/www.laninadelguardia.es\/wp-content\/uploads\/2025\/02\/elementor\/thumbs\/Icono-Comer-Barato-La-Nina-del-Guardia-CB-r125cep99ydq8d08ct20a73esooxxw2mpan7rf9srs.png 100w\" sizes=\"(max-width: 104px) 100vw, 104px\" \/><\/p>\t\t\t\t\t\t\t\t<\/div>\n\t\t\t\t<\/div>\n\t\t\t\t<div class=\"elementor-element elementor-element-032c267 elementor-widget elementor-widget-heading\" data-id=\"032c267\" data-element_type=\"widget\" data-e-type=\"widget\" data-widget_type=\"heading.default\">\n\t\t\t\t<div class=\"elementor-widget-container\">\n\t\t\t\t\t<h3 class=\"elementor-heading-title elementor-size-default\">NUESTRA OFERTA EN PAELLA<\/h3>\t\t\t\t<\/div>\n\t\t\t\t<\/div>\n\t\t\t\t<div class=\"elementor-element elementor-element-906ffb4 elementor-widget elementor-widget-text-editor\" data-id=\"906ffb4\" data-element_type=\"widget\" data-e-type=\"widget\" data-widget_type=\"text-editor.default\">\n\t\t\t\t<div class=\"elementor-widget-container\">\n\t\t\t\t\t\t\t\t\t<p>Disfruta de una paella para dos personas, eligiendo cualquiera de nuestros arroces y acompa\u00f1\u00e1ndolo de una botella de vino de la casa, una jarra de 1L de tinto de verano o una jarra de 1L de cerveza por solo:<\/p>\t\t\t\t\t\t\t\t<\/div>\n\t\t\t\t<\/div>\n\t\t\t\t<div class=\"elementor-element elementor-element-ce37f8b elementor-widget elementor-widget-text-editor\" data-id=\"ce37f8b\" data-element_type=\"widget\" data-e-type=\"widget\" data-widget_type=\"text-editor.default\">\n\t\t\t\t<div class=\"elementor-widget-container\">\n\t\t\t\t\t\t\t\t\t<p>28\u20ac<\/p>\t\t\t\t\t\t\t\t<\/div>\n\t\t\t\t<\/div>\n\t\t\t\t<div class=\"elementor-element elementor-element-cdab012 elementor-widget elementor-widget-image\" data-id=\"cdab012\" data-element_type=\"widget\" data-e-type=\"widget\" data-widget_type=\"image.default\">\n\t\t\t\t<div class=\"elementor-widget-container\">\n\t\t\t\t\t\t\t\t\t\t\t\t\t\t\t<img loading=\"lazy\" decoding=\"async\" width=\"1024\" height=\"437\" src=\"https:\/\/www.laninadelguardia.es\/wp-content\/uploads\/2025\/03\/Oferta-Paella-PNG.png\" class=\"attachment-large size-large wp-image-1177\" alt=\"\" srcset=\"https:\/\/www.laninadelguardia.es\/wp-content\/uploads\/2025\/03\/Oferta-Paella-PNG.png 1024w, https:\/\/www.laninadelguardia.es\/wp-content\/uploads\/2025\/03\/Oferta-Paella-PNG-300x128.png 300w, https:\/\/www.laninadelguardia.es\/wp-content\/uploads\/2025\/03\/Oferta-Paella-PNG-768x328.png 768w\" sizes=\"(max-width: 1024px) 100vw, 1024px\" \/>\t\t\t\t\t\t\t\t\t\t\t\t\t\t\t<\/div>\n\t\t\t\t<\/div>\n\t\t\t\t\t<\/div>\n\t\t\t\t<\/div>\n\t\t<div class=\"elementor-element elementor-element-72624ff e-con-full e-flex e-con e-parent\" data-id=\"72624ff\" data-element_type=\"container\" data-e-type=\"container\" data-settings=\"{&quot;background_background&quot;:&quot;classic&quot;}\">\n\t\t\t\t<\/div>\n\t\t<div class=\"elementor-element elementor-element-14ecb83 e-con-full elementor-hidden-mobile elementor-hidden-desktop elementor-hidden-tablet e-flex e-con e-parent\" data-id=\"14ecb83\" data-element_type=\"container\" data-e-type=\"container\" data-settings=\"{&quot;background_background&quot;:&quot;classic&quot;}\">\n\t\t\t\t<\/div>\n\t\t<div class=\"elementor-element elementor-element-eb4be44 e-flex e-con-boxed e-con e-parent\" data-id=\"eb4be44\" data-element_type=\"container\" data-e-type=\"container\">\n\t\t\t\t\t<div class=\"e-con-inner\">\n\t\t<div class=\"elementor-element elementor-element-e8bc60f e-con-full e-flex e-con e-child\" data-id=\"e8bc60f\" data-element_type=\"container\" data-e-type=\"container\">\n\t\t\t\t<div class=\"elementor-element elementor-element-388511b elementor-widget elementor-widget-image\" data-id=\"388511b\" data-element_type=\"widget\" data-e-type=\"widget\" data-widget_type=\"image.default\">\n\t\t\t\t<div class=\"elementor-widget-container\">\n\t\t\t\t\t\t\t\t\t\t\t\t\t\t\t<img decoding=\"async\" src=\"https:\/\/www.laninadelguardia.es\/wp-content\/uploads\/elementor\/thumbs\/Icono-Menu-Desayunos-La-Nina-del-Guardia-CB-r123lz95d2x54porwbl16g8ageebpl8f4at9atu414.png\" title=\"Icono Men\u00fa Desayunos La Ni\u00f1a del Guard\u00eda CB\" alt=\"Icono Men\u00fa Desayunos La Ni\u00f1a del Guard\u00eda CB\" loading=\"lazy\" \/>\t\t\t\t\t\t\t\t\t\t\t\t\t\t\t<\/div>\n\t\t\t\t<\/div>\n\t\t\t\t<div class=\"elementor-element elementor-element-4fa419d elementor-widget elementor-widget-text-editor\" data-id=\"4fa419d\" data-element_type=\"widget\" data-e-type=\"widget\" data-widget_type=\"text-editor.default\">\n\t\t\t\t<div class=\"elementor-widget-container\">\n\t\t\t\t\t\t\t\t\t<h3>RESTAURANTE CON MEN\u00da EN ARROYO DE LA MIEL<\/h3><p>Si lo que quieres es d\u00f3nde poder comer men\u00fa en Benalm\u00e1dena, en La Ni\u00f1a del Guardia servimos men\u00fa para almorzar de 13:00 a 16:00 h. de martes a viernes, excepto festivos, el men\u00fa incluye <strong>Primer Plato<\/strong> a elegir entre 4 opciones, <strong>Segundo Plato<\/strong> a elegir entre 4 opciones, <strong>Postre<\/strong> o <strong>Caf\u00e9<\/strong>, <strong>una<\/strong> <strong>Bebida<\/strong> y <strong>Pan<\/strong>.<\/p>\t\t\t\t\t\t\t\t<\/div>\n\t\t\t\t<\/div>\n\t\t\t\t<\/div>\n\t\t<div class=\"elementor-element elementor-element-1dcc8c8 e-con-full e-flex e-con e-child\" data-id=\"1dcc8c8\" data-element_type=\"container\" data-e-type=\"container\">\n\t\t\t\t<div class=\"elementor-element elementor-element-0aaa7b9 elementor-widget elementor-widget-image\" data-id=\"0aaa7b9\" data-element_type=\"widget\" data-e-type=\"widget\" data-widget_type=\"image.default\">\n\t\t\t\t<div class=\"elementor-widget-container\">\n\t\t\t\t\t\t\t\t\t\t\t\t\t\t\t<img decoding=\"async\" src=\"https:\/\/www.laninadelguardia.es\/wp-content\/uploads\/elementor\/thumbs\/Icono-Comer-Barato-La-Nina-del-Guardia-CB-r125cep99ydq8d08ct20a73esooxxw2mpan7rf9srs.png\" title=\"Icono Comer Barato La Ni\u00f1a del Guard\u00eda CB\" alt=\"Icono Comer Barato La Ni\u00f1a del Guard\u00eda CB\" loading=\"lazy\" \/>\t\t\t\t\t\t\t\t\t\t\t\t\t\t\t<\/div>\n\t\t\t\t<\/div>\n\t\t\t\t<div class=\"elementor-element elementor-element-29fdcc7 elementor-widget elementor-widget-text-editor\" data-id=\"29fdcc7\" data-element_type=\"widget\" data-e-type=\"widget\" data-widget_type=\"text-editor.default\">\n\t\t\t\t<div class=\"elementor-widget-container\">\n\t\t\t\t\t\t\t\t\t<h3>PRECIO ECON\u00d3MICO<\/h3><p>\u00bfSomos un sitio barato d\u00f3nde comer en Benalm\u00e1dena?<\/p><p>Desde luego que caros no somos, de hecho, tenemos la opci\u00f3n de comer Men\u00fa. Aunque eso lo tendr\u00e1s que valorar t\u00fa.<\/p>\t\t\t\t\t\t\t\t<\/div>\n\t\t\t\t<\/div>\n\t\t\t\t<\/div>\n\t\t\t\t\t<\/div>\n\t\t\t\t<\/div>\n\t\t<div class=\"elementor-element elementor-element-2cd1ac6 e-flex e-con-boxed e-con e-parent\" data-id=\"2cd1ac6\" data-element_type=\"container\" data-e-type=\"container\">\n\t\t\t\t\t<div class=\"e-con-inner\">\n\t\t<div class=\"elementor-element elementor-element-d9682aa e-con-full e-flex e-con e-child\" data-id=\"d9682aa\" data-element_type=\"container\" data-e-type=\"container\">\n\t\t\t\t<div class=\"elementor-element elementor-element-241b31a elementor-widget elementor-widget-image\" data-id=\"241b31a\" data-element_type=\"widget\" data-e-type=\"widget\" data-widget_type=\"image.default\">\n\t\t\t\t<div class=\"elementor-widget-container\">\n\t\t\t\t\t\t\t\t\t\t\t\t\t\t\t<img decoding=\"async\" src=\"https:\/\/www.laninadelguardia.es\/wp-content\/uploads\/elementor\/thumbs\/Icono-Menu-Ninos-La-Nina-del-Guardia-CB-r125sncvcwm2ttezitryd3k4acn8xmjo9of89j6x9k.png\" title=\"Icono Men\u00fa Ni\u00f1os La Ni\u00f1a del Guard\u00eda CB\" alt=\"Icono Men\u00fa Ni\u00f1os La Ni\u00f1a del Guard\u00eda CB\" loading=\"lazy\" \/>\t\t\t\t\t\t\t\t\t\t\t\t\t\t\t<\/div>\n\t\t\t\t<\/div>\n\t\t\t\t<div class=\"elementor-element elementor-element-a5ad7cb elementor-widget elementor-widget-text-editor\" data-id=\"a5ad7cb\" data-element_type=\"widget\" data-e-type=\"widget\" data-widget_type=\"text-editor.default\">\n\t\t\t\t<div class=\"elementor-widget-container\">\n\t\t\t\t\t\t\t\t\t<h3>MEN\u00da PARA NI\u00d1OS<\/h3><p>Ya mencionamos anteriormente que somos un <strong>restaurante d\u00f3nde comer con ni\u00f1os en Benalm\u00e1dena<\/strong>.\u00a0<span style=\"font-style: inherit; font-weight: inherit; color: var( --e-global-color-text );\">En nuestra carta disponemos de un apartado para los ni\u00f1os, platos t\u00edpicos para el gusto de los m\u00e1s peques y no tan peques.<\/span><\/p>\t\t\t\t\t\t\t\t<\/div>\n\t\t\t\t<\/div>\n\t\t\t\t<\/div>\n\t\t<div class=\"elementor-element elementor-element-ee700ed e-con-full e-flex e-con e-child\" data-id=\"ee700ed\" data-element_type=\"container\" data-e-type=\"container\">\n\t\t\t\t<div class=\"elementor-element elementor-element-03f2a29 elementor-widget elementor-widget-image\" data-id=\"03f2a29\" data-element_type=\"widget\" data-e-type=\"widget\" data-widget_type=\"image.default\">\n\t\t\t\t<div class=\"elementor-widget-container\">\n\t\t\t\t\t\t\t\t\t\t\t\t\t\t\t<img decoding=\"async\" src=\"https:\/\/www.laninadelguardia.es\/wp-content\/uploads\/elementor\/thumbs\/Icono-Bar-La-Nina-del-Guardia-r12cww4ygze3ux7h8l8l3fpu5tnhb5tetyug33990o.png\" title=\"Icono Bar La Ni\u00f1a del Guard\u00eda\" alt=\"Icono Bar La Ni\u00f1a del Guard\u00eda\" loading=\"lazy\" \/>\t\t\t\t\t\t\t\t\t\t\t\t\t\t\t<\/div>\n\t\t\t\t<\/div>\n\t\t\t\t<div class=\"elementor-element elementor-element-41c65b5 elementor-widget elementor-widget-text-editor\" data-id=\"41c65b5\" data-element_type=\"widget\" data-e-type=\"widget\" data-widget_type=\"text-editor.default\">\n\t\t\t\t<div class=\"elementor-widget-container\">\n\t\t\t\t\t\t\t\t\t<h3>BAR EN ARROYO DE LA MIEL<\/h3><p>En La Ni\u00f1a del Guardia puedes disfrutar de una sobremesa, ya sabes, esa lejana iniciativa donde despu\u00e9s de disfrutar una comida que te da felicidad, se habla, se dialoga cualquier tema que sea de inter\u00e9s para los presentes en la mesa.<\/p>\t\t\t\t\t\t\t\t<\/div>\n\t\t\t\t<\/div>\n\t\t\t\t<\/div>\n\t\t\t\t\t<\/div>\n\t\t\t\t<\/div>\n\t\t<div class=\"elementor-element elementor-element-f03ef57 e-con-full e-flex e-con e-parent\" data-id=\"f03ef57\" data-element_type=\"container\" data-e-type=\"container\" data-settings=\"{&quot;background_background&quot;:&quot;classic&quot;}\">\n\t\t\t\t<\/div>\n\t\t<div class=\"elementor-element elementor-element-6a97af6 e-flex e-con-boxed e-con e-parent\" data-id=\"6a97af6\" data-element_type=\"container\" data-e-type=\"container\" id=\"eventos\" data-settings=\"{&quot;background_background&quot;:&quot;classic&quot;}\">\n\t\t\t\t\t<div class=\"e-con-inner\">\n\t\t<div class=\"elementor-element elementor-element-c5cd2d0 e-con-full e-flex e-con e-child\" data-id=\"c5cd2d0\" data-element_type=\"container\" data-e-type=\"container\" data-settings=\"{&quot;background_background&quot;:&quot;classic&quot;}\">\n\t\t\t\t<div class=\"elementor-element elementor-element-e2c8189 elementor-widget elementor-widget-image\" data-id=\"e2c8189\" data-element_type=\"widget\" data-e-type=\"widget\" data-widget_type=\"image.default\">\n\t\t\t\t<div class=\"elementor-widget-container\">\n\t\t\t\t\t\t\t\t\t\t\t\t\t\t\t<img decoding=\"async\" src=\"https:\/\/www.laninadelguardia.es\/wp-content\/uploads\/elementor\/thumbs\/Icono-Eventos-La-Nina-del-Guardia-CC-r1cxh0es3rtkpf0r61hyjrc59tieatc6r9cidrycx4.png\" title=\"Icono Eventos La Ni\u00f1a del Guard\u00eda CC\" alt=\"Icono Eventos La Ni\u00f1a del Guard\u00eda CC\" loading=\"lazy\" \/>\t\t\t\t\t\t\t\t\t\t\t\t\t\t\t<\/div>\n\t\t\t\t<\/div>\n\t\t\t\t<div class=\"elementor-element elementor-element-be51953 elementor-widget elementor-widget-heading\" data-id=\"be51953\" data-element_type=\"widget\" data-e-type=\"widget\" data-widget_type=\"heading.default\">\n\t\t\t\t<div class=\"elementor-widget-container\">\n\t\t\t\t\t<h2 class=\"elementor-heading-title elementor-size-default\">CELEBRAR EVENTOS ESPECIALES<\/h2>\t\t\t\t<\/div>\n\t\t\t\t<\/div>\n\t\t\t\t<div class=\"elementor-element elementor-element-b83857b elementor-widget elementor-widget-text-editor\" data-id=\"b83857b\" data-element_type=\"widget\" data-e-type=\"widget\" data-widget_type=\"text-editor.default\">\n\t\t\t\t<div class=\"elementor-widget-container\">\n\t\t\t\t\t\t\t\t\t<p>Entra\u00f1able, agradable, memorable\u2026 seguro que as\u00ed quieres que sea, lo que sea que vayas a celebrar. En Restaurante La Ni\u00f1a del Guardia puedes celebrar el evento que desees, daremos todo lo mejor de nosotros para que ese d\u00eda, ese acontecimiento, ese momento\u2026 sea digno de recordar.<\/p><p>Puedes celebrar en Restaurante La Ni\u00f1a del Guardia el evento que desees y se adec\u00fae a tus necesidades y nuestras instalaciones, eventos como:<\/p>\t\t\t\t\t\t\t\t<\/div>\n\t\t\t\t<\/div>\n\t\t\t\t<\/div>\n\t\t\t\t\t<\/div>\n\t\t\t\t<\/div>\n\t\t<div class=\"elementor-element elementor-element-31dde9b e-flex e-con-boxed e-con e-parent\" data-id=\"31dde9b\" data-element_type=\"container\" data-e-type=\"container\" data-settings=\"{&quot;background_background&quot;:&quot;classic&quot;}\">\n\t\t\t\t\t<div class=\"e-con-inner\">\n\t\t<div class=\"elementor-element elementor-element-2927138 e-con-full e-flex e-con e-child\" data-id=\"2927138\" data-element_type=\"container\" data-e-type=\"container\">\n\t\t\t\t<div class=\"elementor-element elementor-element-a2dd813 elementor-widget elementor-widget-heading\" data-id=\"a2dd813\" data-element_type=\"widget\" data-e-type=\"widget\" data-widget_type=\"heading.default\">\n\t\t\t\t<div class=\"elementor-widget-container\">\n\t\t\t\t\t<h3 class=\"elementor-heading-title elementor-size-default\">CELEBRAR UNA BODA<\/h3>\t\t\t\t<\/div>\n\t\t\t\t<\/div>\n\t\t\t\t<div class=\"elementor-element elementor-element-0cd833e elementor-widget elementor-widget-text-editor\" data-id=\"0cd833e\" data-element_type=\"widget\" data-e-type=\"widget\" data-widget_type=\"text-editor.default\">\n\t\t\t\t<div class=\"elementor-widget-container\">\n\t\t\t\t\t\t\t\t\t<p>Quiz\u00e1s el evento social por excelencia, ese por el que pasa la mayor\u00eda de las personas una vez en la vida. Aunque algunas lo hacen en m\u00e1s de una ocasi\u00f3n.<\/p>\t\t\t\t\t\t\t\t<\/div>\n\t\t\t\t<\/div>\n\t\t\t\t<\/div>\n\t\t<div class=\"elementor-element elementor-element-bdb80e7 e-con-full e-flex e-con e-child\" data-id=\"bdb80e7\" data-element_type=\"container\" data-e-type=\"container\">\n\t\t\t\t<div class=\"elementor-element elementor-element-d3b0283 elementor-widget elementor-widget-heading\" data-id=\"d3b0283\" data-element_type=\"widget\" data-e-type=\"widget\" data-widget_type=\"heading.default\">\n\t\t\t\t<div class=\"elementor-widget-container\">\n\t\t\t\t\t<h3 class=\"elementor-heading-title elementor-size-default\">CELEBRAR ANIVERSARIOS Y CUMPLEA\u00d1OS<\/h3>\t\t\t\t<\/div>\n\t\t\t\t<\/div>\n\t\t\t\t<div class=\"elementor-element elementor-element-3a4508a elementor-widget elementor-widget-text-editor\" data-id=\"3a4508a\" data-element_type=\"widget\" data-e-type=\"widget\" data-widget_type=\"text-editor.default\">\n\t\t\t\t<div class=\"elementor-widget-container\">\n\t\t\t\t\t\t\t\t\t<p>El evento que seguramente repite m\u00e1s una persona en su vida, al menos una vez al a\u00f1o. Y hay a\u00f1os que se celebran m\u00e1s que otros, o son m\u00e1s significativos, como los 50, el medio siglo.<\/p>\t\t\t\t\t\t\t\t<\/div>\n\t\t\t\t<\/div>\n\t\t\t\t<\/div>\n\t\t<div class=\"elementor-element elementor-element-b1e2dac e-con-full e-flex e-con e-child\" data-id=\"b1e2dac\" data-element_type=\"container\" data-e-type=\"container\">\n\t\t\t\t<div class=\"elementor-element elementor-element-2b15e29 elementor-widget elementor-widget-heading\" data-id=\"2b15e29\" data-element_type=\"widget\" data-e-type=\"widget\" data-widget_type=\"heading.default\">\n\t\t\t\t<div class=\"elementor-widget-container\">\n\t\t\t\t\t<h3 class=\"elementor-heading-title elementor-size-default\">CELEBRAR REUNIONES FAMILIARES<\/h3>\t\t\t\t<\/div>\n\t\t\t\t<\/div>\n\t\t\t\t<div class=\"elementor-element elementor-element-8daef42 elementor-widget elementor-widget-text-editor\" data-id=\"8daef42\" data-element_type=\"widget\" data-e-type=\"widget\" data-widget_type=\"text-editor.default\">\n\t\t\t\t<div class=\"elementor-widget-container\">\n\t\t\t\t\t\t\t\t\t<p>Ese evento en el que se re\u00fane la familia en un mismo lugar, esos primos que no se ve\u00edan hace a\u00f1os, esas hermanas que se ponen al d\u00eda de todo\u2026 Todo un evento lleno de momentos memorables.<\/p>\t\t\t\t\t\t\t\t<\/div>\n\t\t\t\t<\/div>\n\t\t\t\t<\/div>\n\t\t<div class=\"elementor-element elementor-element-1452027 e-con-full e-flex e-con e-child\" data-id=\"1452027\" data-element_type=\"container\" data-e-type=\"container\">\n\t\t\t\t<div class=\"elementor-element elementor-element-5ca433d elementor-widget elementor-widget-heading\" data-id=\"5ca433d\" data-element_type=\"widget\" data-e-type=\"widget\" data-widget_type=\"heading.default\">\n\t\t\t\t<div class=\"elementor-widget-container\">\n\t\t\t\t\t<h3 class=\"elementor-heading-title elementor-size-default\">CELEBRAR UNA COMIDA DE EMPRESA<\/h3>\t\t\t\t<\/div>\n\t\t\t\t<\/div>\n\t\t\t\t<div class=\"elementor-element elementor-element-c6b72b1 elementor-widget elementor-widget-text-editor\" data-id=\"c6b72b1\" data-element_type=\"widget\" data-e-type=\"widget\" data-widget_type=\"text-editor.default\">\n\t\t\t\t<div class=\"elementor-widget-container\">\n\t\t\t\t\t\t\t\t\t<p>Evento que principalmente se celebra en el mes de diciembre y de car\u00e1cter navide\u00f1o, aunque se puede realizar por cualquier otro motivo, por alcanzar un objetivo, por la jubilaci\u00f3n de un compa\u00f1ero\u2026<\/p>\t\t\t\t\t\t\t\t<\/div>\n\t\t\t\t<\/div>\n\t\t\t\t<\/div>\n\t\t<div class=\"elementor-element elementor-element-214697d e-con-full e-flex e-con e-child\" data-id=\"214697d\" data-element_type=\"container\" data-e-type=\"container\">\n\t\t\t\t<div class=\"elementor-element elementor-element-54814d8 elementor-widget elementor-widget-heading\" data-id=\"54814d8\" data-element_type=\"widget\" data-e-type=\"widget\" data-widget_type=\"heading.default\">\n\t\t\t\t<div class=\"elementor-widget-container\">\n\t\t\t\t\t<h3 class=\"elementor-heading-title elementor-size-default\">CELEBRAR RITOS<\/h3>\t\t\t\t<\/div>\n\t\t\t\t<\/div>\n\t\t\t\t<div class=\"elementor-element elementor-element-e7a1532 elementor-widget elementor-widget-text-editor\" data-id=\"e7a1532\" data-element_type=\"widget\" data-e-type=\"widget\" data-widget_type=\"text-editor.default\">\n\t\t\t\t<div class=\"elementor-widget-container\">\n\t\t\t\t\t\t\t\t\t<p>La celebraci\u00f3n de un bautizo, una comuni\u00f3n, un nacimiento, todos muy celebrados.<\/p>\t\t\t\t\t\t\t\t<\/div>\n\t\t\t\t<\/div>\n\t\t\t\t<\/div>\n\t\t<div class=\"elementor-element elementor-element-c60cea9 e-con-full e-flex e-con e-child\" data-id=\"c60cea9\" data-element_type=\"container\" data-e-type=\"container\">\n\t\t\t\t<div class=\"elementor-element elementor-element-d2c382f elementor-widget elementor-widget-heading\" data-id=\"d2c382f\" data-element_type=\"widget\" data-e-type=\"widget\" data-widget_type=\"heading.default\">\n\t\t\t\t<div class=\"elementor-widget-container\">\n\t\t\t\t\t<h3 class=\"elementor-heading-title elementor-size-default\">CELEBRAR UN DIVORCIO<\/h3>\t\t\t\t<\/div>\n\t\t\t\t<\/div>\n\t\t\t\t<div class=\"elementor-element elementor-element-8c6a9d3 elementor-widget elementor-widget-text-editor\" data-id=\"8c6a9d3\" data-element_type=\"widget\" data-e-type=\"widget\" data-widget_type=\"text-editor.default\">\n\t\t\t\t<div class=\"elementor-widget-container\">\n\t\t\t\t\t\t\t\t\t<p>Si, cada vez est\u00e1 m\u00e1s de moda la celebraci\u00f3n de un divorcio, una liberaci\u00f3n, hay quienes los celebran a\u00fan m\u00e1s que la boda.<\/p>\t\t\t\t\t\t\t\t<\/div>\n\t\t\t\t<\/div>\n\t\t\t\t<\/div>\n\t\t\t\t\t<\/div>\n\t\t\t\t<\/div>\n\t\t<div class=\"elementor-element elementor-element-84dc4b9 e-flex e-con-boxed e-con e-parent\" data-id=\"84dc4b9\" data-element_type=\"container\" data-e-type=\"container\" data-settings=\"{&quot;background_background&quot;:&quot;classic&quot;}\">\n\t\t\t\t\t<div class=\"e-con-inner\">\n\t\t<div class=\"elementor-element elementor-element-d0c8de8 e-con-full e-flex e-con e-child\" data-id=\"d0c8de8\" data-element_type=\"container\" data-e-type=\"container\" data-settings=\"{&quot;background_background&quot;:&quot;classic&quot;}\">\n\t\t\t\t<div class=\"elementor-element elementor-element-29059e3 elementor-widget elementor-widget-text-editor\" data-id=\"29059e3\" data-element_type=\"widget\" data-e-type=\"widget\" data-widget_type=\"text-editor.default\">\n\t\t\t\t<div class=\"elementor-widget-container\">\n\t\t\t\t\t\t\t\t\t<p>En fin, hay un sinf\u00edn de eventos que puedes celebrar con nosotros en Restaurante La Ni\u00f1a del Guardia, y en el que trabajaremos para que ese d\u00eda te sea muy sencillo y agradable de recordar.<\/p>\t\t\t\t\t\t\t\t<\/div>\n\t\t\t\t<\/div>\n\t\t\t\t<\/div>\n\t\t\t\t\t<\/div>\n\t\t\t\t<\/div>\n\t\t<div class=\"elementor-element elementor-element-271f136 e-flex e-con-boxed e-con e-parent\" data-id=\"271f136\" data-element_type=\"container\" data-e-type=\"container\" data-settings=\"{&quot;background_background&quot;:&quot;classic&quot;}\">\n\t\t\t\t\t<div class=\"e-con-inner\">\n\t\t<div class=\"elementor-element elementor-element-9969de1 e-con-full e-flex e-con e-child\" data-id=\"9969de1\" data-element_type=\"container\" data-e-type=\"container\">\n\t\t\t\t<div class=\"elementor-element elementor-element-6bfbf07 elementor-widget elementor-widget-image\" data-id=\"6bfbf07\" data-element_type=\"widget\" data-e-type=\"widget\" data-widget_type=\"image.default\">\n\t\t\t\t<div class=\"elementor-widget-container\">\n\t\t\t\t\t\t\t\t\t\t\t\t\t\t\t<img loading=\"lazy\" decoding=\"async\" width=\"940\" height=\"820\" src=\"https:\/\/www.laninadelguardia.es\/wp-content\/uploads\/2025\/03\/Celebrar-un-Evento-Boda-1.jpg\" class=\"attachment-large size-large wp-image-948\" alt=\"\" srcset=\"https:\/\/www.laninadelguardia.es\/wp-content\/uploads\/2025\/03\/Celebrar-un-Evento-Boda-1.jpg 940w, https:\/\/www.laninadelguardia.es\/wp-content\/uploads\/2025\/03\/Celebrar-un-Evento-Boda-1-300x262.jpg 300w, https:\/\/www.laninadelguardia.es\/wp-content\/uploads\/2025\/03\/Celebrar-un-Evento-Boda-1-768x670.jpg 768w\" sizes=\"(max-width: 940px) 100vw, 940px\" \/>\t\t\t\t\t\t\t\t\t\t\t\t\t\t\t<\/div>\n\t\t\t\t<\/div>\n\t\t\t\t<\/div>\n\t\t<div class=\"elementor-element elementor-element-2b9b44d e-con-full e-flex e-con e-child\" data-id=\"2b9b44d\" data-element_type=\"container\" data-e-type=\"container\">\n\t\t\t\t<div class=\"elementor-element elementor-element-d8b631c elementor-widget elementor-widget-image\" data-id=\"d8b631c\" data-element_type=\"widget\" data-e-type=\"widget\" data-widget_type=\"image.default\">\n\t\t\t\t<div class=\"elementor-widget-container\">\n\t\t\t\t\t\t\t\t\t\t\t\t\t\t\t<img loading=\"lazy\" decoding=\"async\" width=\"940\" height=\"820\" src=\"https:\/\/www.laninadelguardia.es\/wp-content\/uploads\/2025\/03\/Celebrar-un-Evento-Boda-4.jpg\" class=\"attachment-large size-large wp-image-1015\" alt=\"\" srcset=\"https:\/\/www.laninadelguardia.es\/wp-content\/uploads\/2025\/03\/Celebrar-un-Evento-Boda-4.jpg 940w, https:\/\/www.laninadelguardia.es\/wp-content\/uploads\/2025\/03\/Celebrar-un-Evento-Boda-4-300x262.jpg 300w, https:\/\/www.laninadelguardia.es\/wp-content\/uploads\/2025\/03\/Celebrar-un-Evento-Boda-4-768x670.jpg 768w\" sizes=\"(max-width: 940px) 100vw, 940px\" \/>\t\t\t\t\t\t\t\t\t\t\t\t\t\t\t<\/div>\n\t\t\t\t<\/div>\n\t\t\t\t<\/div>\n\t\t<div class=\"elementor-element elementor-element-d29473d e-con-full e-flex e-con e-child\" data-id=\"d29473d\" data-element_type=\"container\" data-e-type=\"container\">\n\t\t\t\t<div class=\"elementor-element elementor-element-f1d675d elementor-widget elementor-widget-image\" data-id=\"f1d675d\" data-element_type=\"widget\" data-e-type=\"widget\" data-widget_type=\"image.default\">\n\t\t\t\t<div class=\"elementor-widget-container\">\n\t\t\t\t\t\t\t\t\t\t\t\t\t\t\t<img loading=\"lazy\" decoding=\"async\" width=\"940\" height=\"820\" src=\"https:\/\/www.laninadelguardia.es\/wp-content\/uploads\/2025\/03\/Celebrar-un-Evento-Boda-3.jpg\" class=\"attachment-large size-large wp-image-950\" alt=\"\" srcset=\"https:\/\/www.laninadelguardia.es\/wp-content\/uploads\/2025\/03\/Celebrar-un-Evento-Boda-3.jpg 940w, https:\/\/www.laninadelguardia.es\/wp-content\/uploads\/2025\/03\/Celebrar-un-Evento-Boda-3-300x262.jpg 300w, https:\/\/www.laninadelguardia.es\/wp-content\/uploads\/2025\/03\/Celebrar-un-Evento-Boda-3-768x670.jpg 768w\" sizes=\"(max-width: 940px) 100vw, 940px\" \/>\t\t\t\t\t\t\t\t\t\t\t\t\t\t\t<\/div>\n\t\t\t\t<\/div>\n\t\t\t\t<\/div>\n\t\t\t\t\t<\/div>\n\t\t\t\t<\/div>\n\t\t<div class=\"elementor-element elementor-element-21c2b78 e-con-full e-flex e-con e-parent\" data-id=\"21c2b78\" data-element_type=\"container\" data-e-type=\"container\" data-settings=\"{&quot;background_background&quot;:&quot;classic&quot;}\">\n\t\t\t\t<\/div>\n\t\t<div class=\"elementor-element elementor-element-6fd91d8 e-flex e-con-boxed e-con e-parent\" data-id=\"6fd91d8\" data-element_type=\"container\" data-e-type=\"container\" id=\"galer\u00eda\">\n\t\t\t\t\t<div class=\"e-con-inner\">\n\t\t\t\t<div class=\"elementor-element elementor-element-7b6f76e elementor-widget elementor-widget-heading\" data-id=\"7b6f76e\" data-element_type=\"widget\" data-e-type=\"widget\" data-widget_type=\"heading.default\">\n\t\t\t\t<div class=\"elementor-widget-container\">\n\t\t\t\t\t<h2 class=\"elementor-heading-title elementor-size-default\">GALER\u00cdA<\/h2>\t\t\t\t<\/div>\n\t\t\t\t<\/div>\n\t\t\t\t\t<\/div>\n\t\t\t\t<\/div>\n\t\t<div class=\"elementor-element elementor-element-9f08f66 e-con-full e-flex e-con e-parent\" data-id=\"9f08f66\" data-element_type=\"container\" data-e-type=\"container\">\n\t\t\t\t<div class=\"elementor-element elementor-element-4a455d4 elementor-arrows-position-inside elementor-pagination-position-outside elementor-widget elementor-widget-image-carousel\" data-id=\"4a455d4\" data-element_type=\"widget\" data-e-type=\"widget\" data-settings=\"{&quot;slides_to_show&quot;:&quot;2&quot;,&quot;navigation&quot;:&quot;both&quot;,&quot;autoplay&quot;:&quot;yes&quot;,&quot;pause_on_hover&quot;:&quot;yes&quot;,&quot;pause_on_interaction&quot;:&quot;yes&quot;,&quot;autoplay_speed&quot;:5000,&quot;infinite&quot;:&quot;yes&quot;,&quot;speed&quot;:500}\" data-widget_type=\"image-carousel.default\">\n\t\t\t\t<div class=\"elementor-widget-container\">\n\t\t\t\t\t\t\t<div class=\"elementor-image-carousel-wrapper swiper\" role=\"region\" aria-roledescription=\"carousel\" aria-label=\"Carrusel de im\u00e1genes\" dir=\"ltr\">\n\t\t\t<div class=\"elementor-image-carousel swiper-wrapper\" aria-live=\"off\">\n\t\t\t\t\t\t\t\t<div class=\"swiper-slide\" role=\"group\" aria-roledescription=\"slide\" aria-label=\"1 de 8\"><figure class=\"swiper-slide-inner\"><img decoding=\"async\" class=\"swiper-slide-image\" src=\"https:\/\/www.laninadelguardia.es\/wp-content\/uploads\/2025\/03\/Restaurante-La-Nina-del-Guardia-F-01-1.jpg\" alt=\"Restaurante La Ni\u00f1a del Guardia F 01\" \/><\/figure><\/div><div class=\"swiper-slide\" role=\"group\" aria-roledescription=\"slide\" aria-label=\"2 de 8\"><figure class=\"swiper-slide-inner\"><img decoding=\"async\" class=\"swiper-slide-image\" src=\"https:\/\/www.laninadelguardia.es\/wp-content\/uploads\/2025\/03\/Restaurante-La-Nina-del-Guardia-F-03-1.jpg\" alt=\"Restaurante La Ni\u00f1a del Guardia F 03\" \/><\/figure><\/div><div class=\"swiper-slide\" role=\"group\" aria-roledescription=\"slide\" aria-label=\"3 de 8\"><figure class=\"swiper-slide-inner\"><img decoding=\"async\" class=\"swiper-slide-image\" src=\"https:\/\/www.laninadelguardia.es\/wp-content\/uploads\/2025\/03\/Restaurante-La-Nina-del-Guardia-F-07.jpg\" alt=\"Restaurante La Ni\u00f1a del Guardia F 07\" \/><\/figure><\/div><div class=\"swiper-slide\" role=\"group\" aria-roledescription=\"slide\" aria-label=\"4 de 8\"><figure class=\"swiper-slide-inner\"><img decoding=\"async\" class=\"swiper-slide-image\" src=\"https:\/\/www.laninadelguardia.es\/wp-content\/uploads\/2025\/03\/Restaurante-La-Nina-del-Guardia-F-08.jpg\" alt=\"Restaurante La Ni\u00f1a del Guardia F 08\" \/><\/figure><\/div><div class=\"swiper-slide\" role=\"group\" aria-roledescription=\"slide\" aria-label=\"5 de 8\"><figure class=\"swiper-slide-inner\"><img decoding=\"async\" class=\"swiper-slide-image\" src=\"https:\/\/www.laninadelguardia.es\/wp-content\/uploads\/2025\/03\/Restaurante-La-Nina-del-Guardia-F-04-1.jpg\" alt=\"Restaurante La Ni\u00f1a del Guardia F 04\" \/><\/figure><\/div><div class=\"swiper-slide\" role=\"group\" aria-roledescription=\"slide\" aria-label=\"6 de 8\"><figure class=\"swiper-slide-inner\"><img decoding=\"async\" class=\"swiper-slide-image\" src=\"https:\/\/www.laninadelguardia.es\/wp-content\/uploads\/2025\/03\/Restaurante-La-Nina-del-Guardia-F-05-1.jpg\" alt=\"Restaurante La Ni\u00f1a del Guardia F 05\" \/><\/figure><\/div><div class=\"swiper-slide\" role=\"group\" aria-roledescription=\"slide\" aria-label=\"7 de 8\"><figure class=\"swiper-slide-inner\"><img decoding=\"async\" class=\"swiper-slide-image\" src=\"https:\/\/www.laninadelguardia.es\/wp-content\/uploads\/2025\/03\/Restaurante-La-Nina-del-Guardia-F-09.jpg\" alt=\"Restaurante La Ni\u00f1a del Guardia F 09\" \/><\/figure><\/div><div class=\"swiper-slide\" role=\"group\" aria-roledescription=\"slide\" aria-label=\"8 de 8\"><figure class=\"swiper-slide-inner\"><img decoding=\"async\" class=\"swiper-slide-image\" src=\"https:\/\/www.laninadelguardia.es\/wp-content\/uploads\/2025\/03\/Restaurante-La-Nina-del-Guardia-F-02-1.jpg\" alt=\"Restaurante La Ni\u00f1a del Guardia F 02\" \/><\/figure><\/div>\t\t\t<\/div>\n\t\t\t\t\t\t\t\t\t\t\t\t<div class=\"elementor-swiper-button elementor-swiper-button-prev\" role=\"button\" tabindex=\"0\">\n\t\t\t\t\t\t<svg aria-hidden=\"true\" class=\"e-font-icon-svg e-eicon-chevron-left\" viewBox=\"0 0 1000 1000\" xmlns=\"http:\/\/www.w3.org\/2000\/svg\"><path d=\"M646 125C629 125 613 133 604 142L308 442C296 454 292 471 292 487 292 504 296 521 308 533L604 854C617 867 629 875 646 875 663 875 679 871 692 858 704 846 713 829 713 812 713 796 708 779 692 767L438 487 692 225C700 217 708 204 708 187 708 171 704 154 692 142 675 129 663 125 646 125Z\"><\/path><\/svg>\t\t\t\t\t<\/div>\n\t\t\t\t\t<div class=\"elementor-swiper-button elementor-swiper-button-next\" role=\"button\" tabindex=\"0\">\n\t\t\t\t\t\t<svg aria-hidden=\"true\" class=\"e-font-icon-svg e-eicon-chevron-right\" viewBox=\"0 0 1000 1000\" xmlns=\"http:\/\/www.w3.org\/2000\/svg\"><path d=\"M696 533C708 521 713 504 713 487 713 471 708 454 696 446L400 146C388 133 375 125 354 125 338 125 325 129 313 142 300 154 292 171 292 187 292 204 296 221 308 233L563 492 304 771C292 783 288 800 288 817 288 833 296 850 308 863 321 871 338 875 354 875 371 875 388 867 400 854L696 533Z\"><\/path><\/svg>\t\t\t\t\t<\/div>\n\t\t\t\t\n\t\t\t\t\t\t\t\t\t<div class=\"swiper-pagination\"><\/div>\n\t\t\t\t\t\t\t\t\t<\/div>\n\t\t\t\t\t\t<\/div>\n\t\t\t\t<\/div>\n\t\t\t\t<\/div>\n\t\t<div class=\"elementor-element elementor-element-99ded3e e-con-full e-flex e-con e-parent\" data-id=\"99ded3e\" data-element_type=\"container\" data-e-type=\"container\" data-settings=\"{&quot;background_background&quot;:&quot;classic&quot;}\">\n\t\t\t\t<\/div>\n\t\t<div class=\"elementor-element elementor-element-24d8529 e-flex e-con-boxed e-con e-parent\" data-id=\"24d8529\" data-element_type=\"container\" data-e-type=\"container\" id=\"contacto\" data-settings=\"{&quot;background_background&quot;:&quot;classic&quot;}\">\n\t\t\t\t\t<div class=\"e-con-inner\">\n\t\t\t\t<div class=\"elementor-element elementor-element-3755394 elementor-widget elementor-widget-heading\" data-id=\"3755394\" data-element_type=\"widget\" data-e-type=\"widget\" data-widget_type=\"heading.default\">\n\t\t\t\t<div class=\"elementor-widget-container\">\n\t\t\t\t\t<h2 class=\"elementor-heading-title elementor-size-default\">CONTACTO<\/h2>\t\t\t\t<\/div>\n\t\t\t\t<\/div>\n\t\t\t\t<div class=\"elementor-element elementor-element-fc1b9f6 elementor-widget elementor-widget-text-editor\" data-id=\"fc1b9f6\" data-element_type=\"widget\" data-e-type=\"widget\" data-widget_type=\"text-editor.default\">\n\t\t\t\t<div class=\"elementor-widget-container\">\n\t\t\t\t\t\t\t\t\t<p>\u00bfNecesitas alg\u00fan tipo de informaci\u00f3n?, no dudes en hacernos cualquier pregunta que tengas, ser\u00e1 un placer atenderte y lo haremos a la mayor brevedad posible.<\/p>\t\t\t\t\t\t\t\t<\/div>\n\t\t\t\t<\/div>\n\t\t\t\t<div class=\"elementor-element elementor-element-05334cf elementor-widget elementor-widget-shortcode\" data-id=\"05334cf\" data-element_type=\"widget\" data-e-type=\"widget\" data-widget_type=\"shortcode.default\">\n\t\t\t\t<div class=\"elementor-widget-container\">\n\t\t\t\t\t\t\t<div class=\"elementor-shortcode\"><style id=\"wpforms-css-vars-994\">\n\t\t\t\t#wpforms-994 {\n\t\t\t\t\n\t\t\t}\n\t\t\t<\/style><div class=\"wpforms-container wpforms-container-full wpforms-render-modern\" id=\"wpforms-994\"><form id=\"wpforms-form-994\" class=\"wpforms-validate wpforms-form wpforms-ajax-form\" data-formid=\"994\" method=\"post\" enctype=\"multipart\/form-data\" action=\"\/index.php\/wp-json\/wp\/v2\/pages\/28\" data-token=\"3bc300b25ab2724b1772bdd2681e0ddb\" data-token-time=\"1777494504\"><noscript class=\"wpforms-error-noscript\">Por favor, activa JavaScript en tu navegador para completar este formulario.<\/noscript><div id=\"wpforms-error-noscript\" style=\"display: none;\">Por favor, activa JavaScript en tu navegador para completar este formulario.<\/div><div class=\"wpforms-field-container\"><div id=\"wpforms-994-field_6-container\" class=\"wpforms-field wpforms-field-text\" data-field-id=\"6\"><label class=\"wpforms-field-label\" for=\"wpforms-994-field_6\">Nombre <span class=\"wpforms-required-label\" aria-hidden=\"true\">*<\/span><\/label><input type=\"text\" id=\"wpforms-994-field_6\" class=\"wpforms-field-large wpforms-field-required\" name=\"wpforms[fields][6]\" aria-errormessage=\"wpforms-994-field_6-error\" required><\/div><div id=\"wpforms-994-field_2-container\" class=\"wpforms-field wpforms-field-email\" data-field-id=\"2\"><label class=\"wpforms-field-label\" for=\"wpforms-994-field_2\">Correo electr\u00f3nico <span class=\"wpforms-required-label\" aria-hidden=\"true\">*<\/span><\/label><input type=\"email\" id=\"wpforms-994-field_2\" class=\"wpforms-field-large wpforms-field-required\" name=\"wpforms[fields][2]\" spellcheck=\"false\" aria-errormessage=\"wpforms-994-field_2-error\" required><\/div>\t\t<div id=\"wpforms-994-field_1-container\"\n\t\t\tclass=\"wpforms-field wpforms-field-text\"\n\t\t\tdata-field-type=\"text\"\n\t\t\tdata-field-id=\"1\"\n\t\t\t>\n\t\t\t<label class=\"wpforms-field-label\" for=\"wpforms-994-field_1\" >Acuerdo Tel\u00e9fono electr\u00f3nico<\/label>\n\t\t\t<input type=\"text\" id=\"wpforms-994-field_1\" class=\"wpforms-field-medium\" name=\"wpforms[fields][1]\" >\n\t\t<\/div>\n\t\t<div id=\"wpforms-994-field_4-container\" class=\"wpforms-field wpforms-field-number\" data-field-id=\"4\"><label class=\"wpforms-field-label\" for=\"wpforms-994-field_4\">Tel\u00e9fono<\/label><input type=\"number\" id=\"wpforms-994-field_4\" class=\"wpforms-field-large\" name=\"wpforms[fields][4]\" step=\"any\" aria-errormessage=\"wpforms-994-field_4-error\" ><\/div><div id=\"wpforms-994-field_3-container\" class=\"wpforms-field wpforms-field-textarea\" data-field-id=\"3\"><label class=\"wpforms-field-label\" for=\"wpforms-994-field_3\">Mensaje <span class=\"wpforms-required-label\" aria-hidden=\"true\">*<\/span><\/label><textarea id=\"wpforms-994-field_3\" class=\"wpforms-field-medium wpforms-field-required\" name=\"wpforms[fields][3]\" aria-errormessage=\"wpforms-994-field_3-error\" required><\/textarea><\/div><div id=\"wpforms-994-field_7-container\" class=\"wpforms-field wpforms-field-gdpr-checkbox\" data-field-id=\"7\"><label class=\"wpforms-field-label\">Acuerdo RGPD <span class=\"wpforms-required-label\" aria-hidden=\"true\">*<\/span><\/label><ul id=\"wpforms-994-field_7\" class=\"wpforms-field-required\"><li class=\"choice-1\"><input type=\"checkbox\" id=\"wpforms-994-field_7_1\" name=\"wpforms[fields][7][]\" value=\"Doy mi consentimiento para que esta web almacene la informaci\u00f3n que env\u00edo para que puedan responder a mi petici\u00f3n.\" aria-errormessage=\"wpforms-994-field_7_1-error\" required ><label class=\"wpforms-field-label-inline\" for=\"wpforms-994-field_7_1\">Doy mi consentimiento para que esta web almacene la informaci\u00f3n que env\u00edo para que puedan responder a mi petici\u00f3n.<\/label><\/li><\/ul><\/div><script>\n\t\t\t\t( function() {\n\t\t\t\t\tconst style = document.createElement( 'style' );\n\t\t\t\t\tstyle.appendChild( document.createTextNode( '#wpforms-994-field_1-container { position: absolute !important; overflow: hidden !important; display: inline !important; height: 1px !important; width: 1px !important; z-index: -1000 !important; padding: 0 !important; } #wpforms-994-field_1-container input { visibility: hidden; } #wpforms-conversational-form-page #wpforms-994-field_1-container label { counter-increment: none; }' ) );\n\t\t\t\t\tdocument.head.appendChild( style );\n\t\t\t\t\tdocument.currentScript?.remove();\n\t\t\t\t} )();\n\t\t\t<\/script><\/div><!-- .wpforms-field-container --><div class=\"wpforms-submit-container\" ><input type=\"hidden\" name=\"wpforms[id]\" value=\"994\"><input type=\"hidden\" name=\"page_title\" value=\"\"><input type=\"hidden\" name=\"page_url\" value=\"https:\/\/www.laninadelguardia.es\/index.php\/wp-json\/wp\/v2\/pages\/28\"><input type=\"hidden\" name=\"url_referer\" value=\"\"><button type=\"submit\" name=\"wpforms[submit]\" id=\"wpforms-submit-994\" class=\"wpforms-submit\" data-alt-text=\"Enviando...\" data-submit-text=\"Enviar\" aria-live=\"assertive\" value=\"wpforms-submit\">Enviar<\/button><img loading=\"lazy\" decoding=\"async\" src=\"https:\/\/www.laninadelguardia.es\/wp-content\/plugins\/wpforms-lite\/assets\/images\/submit-spin.svg\" class=\"wpforms-submit-spinner\" style=\"display: none;\" width=\"26\" height=\"26\" alt=\"Cargando\"><\/div><\/form><\/div>  <!-- .wpforms-container --><\/div>\n\t\t\t\t\t\t<\/div>\n\t\t\t\t<\/div>\n\t\t\t\t<div class=\"elementor-element elementor-element-0609a1c elementor-widget elementor-widget-image\" data-id=\"0609a1c\" data-element_type=\"widget\" data-e-type=\"widget\" data-widget_type=\"image.default\">\n\t\t\t\t<div class=\"elementor-widget-container\">\n\t\t\t\t\t\t\t\t\t\t\t\t\t\t\t<img decoding=\"async\" src=\"https:\/\/www.laninadelguardia.es\/wp-content\/uploads\/2025\/03\/Equipo-Pie-de-Pagina-2.png\" title=\"Equipo Pie de P\u00e1gina 2\" alt=\"Equipo Pie de P\u00e1gina 2\" loading=\"lazy\" \/>\t\t\t\t\t\t\t\t\t\t\t\t\t\t\t<\/div>\n\t\t\t\t<\/div>\n\t\t\t\t\t<\/div>\n\t\t\t\t<\/div>\n\t\t\t\t<\/div>\n\t\t","protected":false},"excerpt":{"rendered":"<p>COMER EN BENALM\u00c1DENA Disfruta del aut\u00e9ntico sabor a cocina casera espa\u00f1ola. COMER EN BENALM\u00c1DENA Disfruta del aut\u00e9ntico sabor a cocina [&hellip;]<\/p>\n","protected":false},"author":1,"featured_media":0,"parent":0,"menu_order":0,"comment_status":"closed","ping_status":"closed","template":"","meta":{"site-sidebar-layout":"no-sidebar","site-content-layout":"","ast-site-content-layout":"full-width-container","site-content-style":"default","site-sidebar-style":"default","ast-global-header-display":"","ast-banner-title-visibility":"","ast-main-header-display":"","ast-hfb-above-header-display":"","ast-hfb-below-header-display":"","ast-hfb-mobile-header-display":"","site-post-title":"disabled","ast-breadcrumbs-content":"","ast-featured-img":"disabled","footer-sml-layout":"","ast-disable-related-posts":"","theme-transparent-header-meta":"","adv-header-id-meta":"","stick-header-meta":"","header-above-stick-meta":"","header-main-stick-meta":"","header-below-stick-meta":"","astra-migrate-meta-layouts":"default","ast-page-background-enabled":"default","ast-page-background-meta":{"desktop":{"background-color":"var(--ast-global-color-5)","background-image":"","background-repeat":"repeat","background-position":"center center","background-size":"auto","background-attachment":"scroll","background-type":"","background-media":"","overlay-type":"","overlay-color":"","overlay-opacity":"","overlay-gradient":""},"tablet":{"background-color":"","background-image":"","background-repeat":"repeat","background-position":"center center","background-size":"auto","background-attachment":"scroll","background-type":"","background-media":"","overlay-type":"","overlay-color":"","overlay-opacity":"","overlay-gradient":""},"mobile":{"background-color":"","background-image":"","background-repeat":"repeat","background-position":"center center","background-size":"auto","background-attachment":"scroll","background-type":"","background-media":"","overlay-type":"","overlay-color":"","overlay-opacity":"","overlay-gradient":""}},"ast-content-background-meta":{"desktop":{"background-color":"var(--ast-global-color-4)","background-image":"","background-repeat":"repeat","background-position":"center center","background-size":"auto","background-attachment":"scroll","background-type":"","background-media":"","overlay-type":"","overlay-color":"","overlay-opacity":"","overlay-gradient":""},"tablet":{"background-color":"var(--ast-global-color-4)","background-image":"","background-repeat":"repeat","background-position":"center center","background-size":"auto","background-attachment":"scroll","background-type":"","background-media":"","overlay-type":"","overlay-color":"","overlay-opacity":"","overlay-gradient":""},"mobile":{"background-color":"var(--ast-global-color-4)","background-image":"","background-repeat":"repeat","background-position":"center center","background-size":"auto","background-attachment":"scroll","background-type":"","background-media":"","overlay-type":"","overlay-color":"","overlay-opacity":"","overlay-gradient":""}},"footnotes":""},"class_list":["post-28","page","type-page","status-publish","hentry"],"_links":{"self":[{"href":"https:\/\/www.laninadelguardia.es\/index.php\/wp-json\/wp\/v2\/pages\/28","targetHints":{"allow":["GET"]}}],"collection":[{"href":"https:\/\/www.laninadelguardia.es\/index.php\/wp-json\/wp\/v2\/pages"}],"about":[{"href":"https:\/\/www.laninadelguardia.es\/index.php\/wp-json\/wp\/v2\/types\/page"}],"author":[{"embeddable":true,"href":"https:\/\/www.laninadelguardia.es\/index.php\/wp-json\/wp\/v2\/users\/1"}],"replies":[{"embeddable":true,"href":"https:\/\/www.laninadelguardia.es\/index.php\/wp-json\/wp\/v2\/comments?post=28"}],"version-history":[{"count":1114,"href":"https:\/\/www.laninadelguardia.es\/index.php\/wp-json\/wp\/v2\/pages\/28\/revisions"}],"predecessor-version":[{"id":1480,"href":"https:\/\/www.laninadelguardia.es\/index.php\/wp-json\/wp\/v2\/pages\/28\/revisions\/1480"}],"wp:attachment":[{"href":"https:\/\/www.laninadelguardia.es\/index.php\/wp-json\/wp\/v2\/media?parent=28"}],"curies":[{"name":"wp","href":"https:\/\/api.w.org\/{rel}","templated":true}]}}